{"id":1161,"date":"2020-03-23T16:21:58","date_gmt":"2020-03-23T16:21:58","guid":{"rendered":"https:\/\/diegovaldivia.es\/?page_id=1161"},"modified":"2025-01-13T12:22:18","modified_gmt":"2025-01-13T11:22:18","slug":"agenda","status":"publish","type":"page","link":"https:\/\/diegovaldivia.es\/en\/agenda\/","title":{"rendered":"Agenda"},"content":{"rendered":"<p>[et_pb_section fb_built=&#8221;1&#8243; next_background_color=&#8221;#ffffff&#8221; admin_label=&#8221;Hero&#8221; _builder_version=&#8221;4.24.0&#8243; use_background_color_gradient=&#8221;on&#8221; background_color_gradient_direction=&#8221;70deg&#8221; background_color_gradient_stops=&#8221;#283d4b 0%|rgba(128,103,79,0.5) 100%&#8221; background_color_gradient_overlays_image=&#8221;on&#8221; background_color_gradient_start=&#8221;#283d4b&#8221; background_color_gradient_end=&#8221;rgba(128,103,79,0.5)&#8221; background_image=&#8221;https:\/\/diegovaldivia.es\/wp-content\/uploads\/2022\/09\/pie2.jpg&#8221; background_position=&#8221;bottom_center&#8221; custom_margin=&#8221;||3%|&#8221; custom_padding=&#8221;6vw|||&#8221; bottom_divider_style=&#8221;mountains2&#8243; bottom_divider_height=&#8221;20vw&#8221; bottom_divider_repeat=&#8221;0.5x&#8221; bottom_divider_flip=&#8221;horizontal|vertical&#8221; global_colors_info=&#8221;{}&#8221;][et_pb_row _builder_version=&#8221;4.16&#8243; custom_margin=&#8221;|||&#8221; custom_padding=&#8221;27px|0px|0|0px|false|false&#8221; global_colors_info=&#8221;{}&#8221;][et_pb_column type=&#8221;4_4&#8243; _builder_version=&#8221;4.16&#8243; custom_padding=&#8221;|||&#8221; global_colors_info=&#8221;{}&#8221; custom_padding__hover=&#8221;|||&#8221;][et_pb_text _builder_version=&#8221;4.16&#8243; text_font=&#8221;||||||||&#8221; header_font=&#8221;Josefin Sans|700|||||||&#8221; header_font_size=&#8221;90px&#8221; header_line_height=&#8221;1.4em&#8221; header_2_font=&#8221;Josefin Sans||||||||&#8221; header_2_text_color=&#8221;rgba(255,255,255,0.6)&#8221; header_2_font_size=&#8221;32px&#8221; header_2_line_height=&#8221;1.4em&#8221; background_layout=&#8221;dark&#8221; animation_style=&#8221;slide&#8221; animation_direction=&#8221;right&#8221; animation_intensity_slide=&#8221;4%&#8221; header_font_size_tablet=&#8221;50px&#8221; header_font_size_phone=&#8221;32px&#8221; header_font_size_last_edited=&#8221;on|desktop&#8221; header_2_font_size_tablet=&#8221;&#8221; header_2_font_size_phone=&#8221;24px&#8221; header_2_font_size_last_edited=&#8221;on|phone&#8221; global_colors_info=&#8221;{}&#8221;]<\/p>\n<h1>Agenda<\/h1>\n<h2>Upcoming Events<\/h2>\n<p>[\/et_pb_text][\/et_pb_column][\/et_pb_row][et_pb_row column_structure=&#8221;1_2,1_2&#8243; _builder_version=&#8221;4.16&#8243; custom_padding=&#8221;0|0px|27px|0px|false|false&#8221; locked=&#8221;off&#8221; global_colors_info=&#8221;{}&#8221;][et_pb_column type=&#8221;1_2&#8243; _builder_version=&#8221;4.16&#8243; custom_padding=&#8221;|||&#8221; global_colors_info=&#8221;{}&#8221; custom_padding__hover=&#8221;|||&#8221;][\/et_pb_column][et_pb_column type=&#8221;1_2&#8243; _builder_version=&#8221;4.16&#8243; custom_padding=&#8221;|||&#8221; global_colors_info=&#8221;{}&#8221; custom_padding__hover=&#8221;|||&#8221;][et_pb_button button_text=&#8221;Contracting: (+34) 640 037 235&#8243; _builder_version=&#8221;4.16&#8243; custom_button=&#8221;on&#8221; button_text_size=&#8221;22px&#8221; button_text_color=&#8221;#ffffff&#8221; button_bg_color=&#8221;#000000&#8243; button_border_width=&#8221;3px&#8221; button_border_color=&#8221;#ffffff&#8221; button_border_radius=&#8221;5px&#8221; button_letter_spacing=&#8221;0px&#8221; button_font=&#8221;Josefin Sans|700|||||||&#8221; custom_margin=&#8221;|90px||&#8221; custom_margin_phone=&#8221;|70px||&#8221; custom_margin_last_edited=&#8221;off|desktop&#8221; custom_padding=&#8221;|15px||15px|false|false&#8221; animation_style=&#8221;slide&#8221; animation_direction=&#8221;left&#8221; animation_intensity_slide=&#8221;8%&#8221; button_text_size_phone=&#8221;20px&#8221; button_text_size_last_edited=&#8221;off|desktop&#8221; box_shadow_style=&#8221;preset3&#8243; box_shadow_blur=&#8221;20px&#8221; box_shadow_spread=&#8221;-10px&#8221; global_colors_info=&#8221;{}&#8221; button_text_size__hover_enabled=&#8221;off&#8221; button_one_text_size__hover_enabled=&#8221;off&#8221; button_two_text_size__hover_enabled=&#8221;off&#8221; button_text_color__hover_enabled=&#8221;off&#8221; button_one_text_color__hover_enabled=&#8221;off&#8221; button_two_text_color__hover_enabled=&#8221;off&#8221; button_border_width__hover_enabled=&#8221;off&#8221; button_one_border_width__hover_enabled=&#8221;off&#8221; button_two_border_width__hover_enabled=&#8221;off&#8221; button_border_color__hover_enabled=&#8221;off&#8221; button_one_border_color__hover_enabled=&#8221;off&#8221; button_two_border_color__hover_enabled=&#8221;off&#8221; button_border_radius__hover_enabled=&#8221;off&#8221; button_one_border_radius__hover_enabled=&#8221;off&#8221; button_two_border_radius__hover_enabled=&#8221;off&#8221; button_letter_spacing__hover_enabled=&#8221;off&#8221; button_one_letter_spacing__hover_enabled=&#8221;off&#8221; button_two_letter_spacing__hover_enabled=&#8221;off&#8221; button_bg_color__hover_enabled=&#8221;off&#8221; button_one_bg_color__hover_enabled=&#8221;off&#8221; button_two_bg_color__hover_enabled=&#8221;off&#8221;][\/et_pb_button][\/et_pb_column][\/et_pb_row][et_pb_row use_custom_gutter=&#8221;on&#8221; gutter_width=&#8221;1&#8243; disabled_on=&#8221;on|off|off&#8221; module_class=&#8221; et_pb_row_fullwidth&#8221; _builder_version=&#8221;4.16&#8243; width=&#8221;100%&#8221; width_tablet=&#8221;100%&#8221; width_phone=&#8221;&#8221; width_last_edited=&#8221;on|desktop&#8221; max_width=&#8221;100%&#8221; max_width_tablet=&#8221;100%&#8221; max_width_phone=&#8221;&#8221; max_width_last_edited=&#8221;on|desktop&#8221; make_fullwidth=&#8221;on&#8221; locked=&#8221;off&#8221; global_colors_info=&#8221;{}&#8221;][et_pb_column type=&#8221;4_4&#8243; _builder_version=&#8221;4.16&#8243; custom_padding=&#8221;|||&#8221; global_colors_info=&#8221;{}&#8221; custom_padding__hover=&#8221;|||&#8221;][et_pb_text _builder_version=&#8221;4.16&#8243; text_font=&#8221;Josefin Sans|700||on|||||&#8221; text_text_color=&#8221;rgba(255,255,255,0.2)&#8221; text_font_size=&#8221;15vw&#8221; text_line_height=&#8221;1em&#8221; quote_font=&#8221;||||||||&#8221; header_font=&#8221;||||||||&#8221; custom_margin=&#8221;||-0.4em|&#8221; custom_padding=&#8221;|||&#8221; filter_blur=&#8221;7px&#8221; animation_style=&#8221;slide&#8221; animation_direction=&#8221;right&#8221; animation_duration=&#8221;10000ms&#8221; animation_intensity_slide=&#8221;10%&#8221; animation_starting_opacity=&#8221;40%&#8221; animation_speed_curve=&#8221;linear&#8221; text_font_size_tablet=&#8221;124px&#8221; text_font_size_phone=&#8221;90px&#8221; text_font_size_last_edited=&#8221;off|desktop&#8221; global_colors_info=&#8221;{}&#8221;]<\/p>\n<p>AGENDA<\/p>\n<p>[\/et_pb_text][\/et_pb_column][\/et_pb_row][\/et_pb_section][et_pb_section fb_built=&#8221;1&#8243; custom_padding_last_edited=&#8221;off|tablet&#8221; admin_label=&#8221;Events&#8221; _builder_version=&#8221;4.16&#8243; custom_padding=&#8221;|0px||||&#8221; custom_padding_tablet=&#8221;0px||50px||false&#8221; global_module=&#8221;2055&#8243; saved_tabs=&#8221;all&#8221; global_colors_info=&#8221;{}&#8221; locked=&#8221;off&#8221;][et_pb_row disabled_on=&#8221;off|off|off&#8221; _builder_version=&#8221;4.16&#8243; global_colors_info=&#8221;{}&#8221;][et_pb_column type=&#8221;4_4&#8243; _builder_version=&#8221;4.16&#8243; global_colors_info=&#8221;{}&#8221;][et_pb_text _builder_version=&#8221;4.24.0&#8243; text_font=&#8221;||||||||&#8221; text_font_size=&#8221;16px&#8221; text_line_height=&#8221;1.8em&#8221; header_font=&#8221;||||||||&#8221; header_2_font=&#8221;Fjalla One|||on|||||&#8221; header_2_text_align=&#8221;left&#8221; header_2_font_size=&#8221;80px&#8221; header_2_line_height=&#8221;1.2em&#8221; text_orientation=&#8221;center&#8221; width_tablet=&#8221;600px&#8221; width_phone=&#8221;400px&#8221; width_last_edited=&#8221;off|phone&#8221; max_width=&#8221;100%&#8221; module_alignment=&#8221;center&#8221; header_2_font_size_tablet=&#8221;50px&#8221; header_2_font_size_phone=&#8221;30px&#8221; header_2_font_size_last_edited=&#8221;on|phone&#8221; text_text_align=&#8221;center&#8221; locked=&#8221;off&#8221; global_colors_info=&#8221;{}&#8221;]<\/p>\n<h2>2025<\/h2>\n<p>[\/et_pb_text][\/et_pb_column][\/et_pb_row][et_pb_row column_structure=&#8221;1_4,1_4,1_4,1_4&#8243; use_custom_gutter=&#8221;on&#8221; gutter_width=&#8221;1&#8243; make_equal=&#8221;on&#8221; admin_label=&#8221;Eventos&#8221; _builder_version=&#8221;4.18.0&#8243; background_color=&#8221;#1FD7E0&#8243; width=&#8221;93%&#8221; max_width=&#8221;100%&#8221; module_alignment=&#8221;center&#8221; custom_margin=&#8221;|0px||0px|false|false&#8221; custom_css_main_element=&#8221;align-items:center;&#8221; border_width_top=&#8221;1px&#8221; border_color_top=&#8221;#8c8c8c&#8221; global_colors_info=&#8221;{}&#8221;][et_pb_column type=&#8221;1_4&#8243; _builder_version=&#8221;4.16&#8243; global_colors_info=&#8221;{}&#8221;][et_pb_text _builder_version=&#8221;4.24.0&#8243; header_font=&#8221;||||||||&#8221; header_2_font=&#8221;Fjalla One||||||||&#8221; header_2_font_size=&#8221;60px&#8221; header_2_line_height=&#8221;1.2em&#8221; custom_margin=&#8221;|-16px||||&#8221; custom_padding=&#8221;|0px||||&#8221; header_2_font_size_tablet=&#8221;50px&#8221; header_2_font_size_phone=&#8221;30px&#8221; header_2_font_size_last_edited=&#8221;on|phone&#8221; global_colors_info=&#8221;{}&#8221;]<\/p>\n<h2>Viernes 07\/02\/2025<\/h2>\n<p>[\/et_pb_text][\/et_pb_column][et_pb_column type=&#8221;1_4&#8243; _builder_version=&#8221;4.16&#8243; global_colors_info=&#8221;{}&#8221;][et_pb_text _builder_version=&#8221;4.24.0&#8243; text_font_size=&#8221;20px&#8221; text_line_height=&#8221;1.3em&#8221; header_font=&#8221;||||||||&#8221; header_3_font=&#8221;Open Sans|600|||||||&#8221; header_3_font_size=&#8221;13px&#8221; header_3_line_height=&#8221;2.9em&#8221; text_orientation=&#8221;center&#8221; width=&#8221;100%&#8221; max_width=&#8221;100%&#8221; custom_margin=&#8221;|||0px|false|false&#8221; custom_padding=&#8221;|0px||||&#8221; locked=&#8221;off&#8221; global_colors_info=&#8221;{}&#8221;]<\/p>\n<h1><strong>Torrelodones<\/strong><\/h1>\n<p>[\/et_pb_text][\/et_pb_column][et_pb_column type=&#8221;1_4&#8243; _builder_version=&#8221;4.16&#8243; global_colors_info=&#8221;{}&#8221;][\/et_pb_column][et_pb_column type=&#8221;1_4&#8243; _builder_version=&#8221;4.16&#8243; _module_preset=&#8221;default&#8221; global_colors_info=&#8221;{}&#8221;][et_pb_button url_new_window=&#8221;on&#8221; button_text=&#8221;Teatro Bulevard 19:30h \u00a1Muy pronto podr\u00e1s conseguir tu entrada aqu\u00ed!&#8221; button_alignment=&#8221;center&#8221; _builder_version=&#8221;4.24.0&#8243; custom_button=&#8221;on&#8221; button_text_size=&#8221;14px&#8221; button_text_color=&#8221;#ffffff&#8221; button_bg_color=&#8221;#f46aa0&#8243; button_bg_use_color_gradient=&#8221;on&#8221; button_bg_color_gradient_direction=&#8221;90deg&#8221; button_bg_color_gradient_stops=&#8221;#ffb397 0%|#f46aa0 100%&#8221; button_bg_color_gradient_start=&#8221;#ffb397&#8243; button_bg_color_gradient_end=&#8221;#f46aa0&#8243; button_border_width=&#8221;0px&#8221; button_border_radius=&#8221;0px&#8221; button_letter_spacing=&#8221;5px&#8221; button_font=&#8221;Open Sans|700||on|||||&#8221; button_icon=&#8221;&#x45;||divi||400&#8243; custom_margin=&#8221;10px||||false|false&#8221; custom_padding=&#8221;20px|40px|20px|40px|true|true&#8221; filter_saturate=&#8221;75%&#8221; locked=&#8221;off&#8221; global_colors_info=&#8221;{}&#8221;][\/et_pb_button][\/et_pb_column][\/et_pb_row][et_pb_row column_structure=&#8221;1_4,1_4,1_4,1_4&#8243; use_custom_gutter=&#8221;on&#8221; gutter_width=&#8221;1&#8243; make_equal=&#8221;on&#8221; admin_label=&#8221;Eventos&#8221; _builder_version=&#8221;4.18.0&#8243; background_color=&#8221;#1FD7E0&#8243; width=&#8221;93%&#8221; max_width=&#8221;100%&#8221; module_alignment=&#8221;center&#8221; custom_margin=&#8221;|0px||0px|false|false&#8221; custom_css_main_element=&#8221;align-items:center;&#8221; border_width_top=&#8221;1px&#8221; border_color_top=&#8221;#8c8c8c&#8221; global_colors_info=&#8221;{}&#8221;][et_pb_column type=&#8221;1_4&#8243; _builder_version=&#8221;4.16&#8243; global_colors_info=&#8221;{}&#8221;][et_pb_text _builder_version=&#8221;4.24.0&#8243; header_font=&#8221;||||||||&#8221; header_2_font=&#8221;Fjalla One||||||||&#8221; header_2_font_size=&#8221;60px&#8221; header_2_line_height=&#8221;1.2em&#8221; custom_margin=&#8221;|-16px||||&#8221; custom_padding=&#8221;|0px||||&#8221; header_2_font_size_tablet=&#8221;50px&#8221; header_2_font_size_phone=&#8221;30px&#8221; header_2_font_size_last_edited=&#8221;on|phone&#8221; global_colors_info=&#8221;{}&#8221;]<\/p>\n<h2>Viernes 14\/02\/2025<\/h2>\n<p>[\/et_pb_text][\/et_pb_column][et_pb_column type=&#8221;1_4&#8243; _builder_version=&#8221;4.16&#8243; global_colors_info=&#8221;{}&#8221;][et_pb_text _builder_version=&#8221;4.24.0&#8243; text_font_size=&#8221;20px&#8221; text_line_height=&#8221;1.3em&#8221; header_font=&#8221;||||||||&#8221; header_3_font=&#8221;Open Sans|600|||||||&#8221; header_3_font_size=&#8221;13px&#8221; header_3_line_height=&#8221;2.9em&#8221; text_orientation=&#8221;center&#8221; width=&#8221;100%&#8221; max_width=&#8221;100%&#8221; custom_margin=&#8221;|||0px|false|false&#8221; custom_padding=&#8221;|0px||||&#8221; locked=&#8221;off&#8221; global_colors_info=&#8221;{}&#8221;]<\/p>\n<h1><strong>Almensilla<\/strong><\/h1>\n<p>[\/et_pb_text][\/et_pb_column][et_pb_column type=&#8221;1_4&#8243; _builder_version=&#8221;4.16&#8243; global_colors_info=&#8221;{}&#8221;][\/et_pb_column][et_pb_column type=&#8221;1_4&#8243; _builder_version=&#8221;4.16&#8243; _module_preset=&#8221;default&#8221; global_colors_info=&#8221;{}&#8221;][et_pb_button url_new_window=&#8221;on&#8221; button_text=&#8221;Teatro Casa Cultura 20h aprox \u00a1Muy pronto podr\u00e1s conseguir tu entrada aqu\u00ed!&#8221; button_alignment=&#8221;center&#8221; _builder_version=&#8221;4.24.0&#8243; custom_button=&#8221;on&#8221; button_text_size=&#8221;14px&#8221; button_text_color=&#8221;#ffffff&#8221; button_bg_color=&#8221;#f46aa0&#8243; button_bg_use_color_gradient=&#8221;on&#8221; button_bg_color_gradient_direction=&#8221;90deg&#8221; button_bg_color_gradient_stops=&#8221;#ffb397 0%|#f46aa0 100%&#8221; button_bg_color_gradient_start=&#8221;#ffb397&#8243; button_bg_color_gradient_end=&#8221;#f46aa0&#8243; button_border_width=&#8221;0px&#8221; button_border_radius=&#8221;0px&#8221; button_letter_spacing=&#8221;5px&#8221; button_font=&#8221;Open Sans|700||on|||||&#8221; button_icon=&#8221;&#x45;||divi||400&#8243; custom_margin=&#8221;10px||||false|false&#8221; custom_padding=&#8221;20px|40px|20px|40px|true|true&#8221; filter_saturate=&#8221;75%&#8221; locked=&#8221;off&#8221; global_colors_info=&#8221;{}&#8221;][\/et_pb_button][\/et_pb_column][\/et_pb_row][et_pb_row column_structure=&#8221;1_4,1_4,1_4,1_4&#8243; use_custom_gutter=&#8221;on&#8221; gutter_width=&#8221;1&#8243; make_equal=&#8221;on&#8221; admin_label=&#8221;Eventos&#8221; _builder_version=&#8221;4.24.0&#8243; background_color=&#8221;#FFFFFF&#8221; width=&#8221;93%&#8221; max_width=&#8221;100%&#8221; module_alignment=&#8221;center&#8221; custom_margin=&#8221;|0px||0px|false|false&#8221; custom_css_main_element=&#8221;align-items:center;&#8221; border_width_top=&#8221;1px&#8221; border_color_top=&#8221;#8c8c8c&#8221; global_colors_info=&#8221;{}&#8221;][et_pb_column type=&#8221;1_4&#8243; _builder_version=&#8221;4.16&#8243; global_colors_info=&#8221;{}&#8221;][et_pb_text _builder_version=&#8221;4.24.0&#8243; header_font=&#8221;||||||||&#8221; header_2_font=&#8221;Fjalla One||||||||&#8221; header_2_font_size=&#8221;60px&#8221; header_2_line_height=&#8221;1.2em&#8221; custom_margin=&#8221;|-16px||||&#8221; custom_padding=&#8221;|0px||||&#8221; header_2_font_size_tablet=&#8221;50px&#8221; header_2_font_size_phone=&#8221;30px&#8221; header_2_font_size_last_edited=&#8221;on|phone&#8221; global_colors_info=&#8221;{}&#8221;]<\/p>\n<h2>Jueves 27\/02\/2025<\/h2>\n<p>[\/et_pb_text][\/et_pb_column][et_pb_column type=&#8221;1_4&#8243; _builder_version=&#8221;4.16&#8243; global_colors_info=&#8221;{}&#8221;][et_pb_text _builder_version=&#8221;4.24.0&#8243; text_font_size=&#8221;20px&#8221; text_line_height=&#8221;1.3em&#8221; header_font=&#8221;||||||||&#8221; header_3_font=&#8221;Open Sans|600|||||||&#8221; header_3_font_size=&#8221;13px&#8221; header_3_line_height=&#8221;2.9em&#8221; text_orientation=&#8221;center&#8221; width=&#8221;100%&#8221; max_width=&#8221;100%&#8221; custom_margin=&#8221;|||0px|false|false&#8221; custom_padding=&#8221;|0px||||&#8221; locked=&#8221;off&#8221; global_colors_info=&#8221;{}&#8221;]<\/p>\n<h1><strong>Almonte<\/strong><\/h1>\n<p>[\/et_pb_text][\/et_pb_column][et_pb_column type=&#8221;1_4&#8243; _builder_version=&#8221;4.16&#8243; global_colors_info=&#8221;{}&#8221;][\/et_pb_column][et_pb_column type=&#8221;1_4&#8243; _builder_version=&#8221;4.16&#8243; _module_preset=&#8221;default&#8221; global_colors_info=&#8221;{}&#8221;][et_pb_button url_new_window=&#8221;on&#8221; button_text=&#8221;Plaza Virgen del Roc\u00edo 18h&#8221; button_alignment=&#8221;center&#8221; _builder_version=&#8221;4.24.0&#8243; custom_button=&#8221;on&#8221; button_text_size=&#8221;14px&#8221; button_text_color=&#8221;#ffffff&#8221; button_bg_color=&#8221;#f46aa0&#8243; button_bg_use_color_gradient=&#8221;on&#8221; button_bg_color_gradient_direction=&#8221;90deg&#8221; button_bg_color_gradient_stops=&#8221;#ffb397 0%|#f46aa0 100%&#8221; button_bg_color_gradient_start=&#8221;#ffb397&#8243; button_bg_color_gradient_end=&#8221;#f46aa0&#8243; button_border_width=&#8221;0px&#8221; button_border_radius=&#8221;0px&#8221; button_letter_spacing=&#8221;5px&#8221; button_font=&#8221;Open Sans|700||on|||||&#8221; button_icon=&#8221;&#x45;||divi||400&#8243; custom_margin=&#8221;10px||||false|false&#8221; custom_padding=&#8221;20px|40px|20px|40px|true|true&#8221; filter_saturate=&#8221;75%&#8221; locked=&#8221;off&#8221; global_colors_info=&#8221;{}&#8221;][\/et_pb_button][\/et_pb_column][\/et_pb_row][et_pb_row column_structure=&#8221;1_4,1_4,1_4,1_4&#8243; use_custom_gutter=&#8221;on&#8221; gutter_width=&#8221;1&#8243; make_equal=&#8221;on&#8221; admin_label=&#8221;Eventos&#8221; _builder_version=&#8221;4.24.0&#8243; background_color=&#8221;#FFFFFF&#8221; width=&#8221;93%&#8221; max_width=&#8221;100%&#8221; module_alignment=&#8221;center&#8221; custom_margin=&#8221;|0px||0px|false|false&#8221; custom_css_main_element=&#8221;align-items:center;&#8221; border_width_top=&#8221;1px&#8221; border_color_top=&#8221;#8c8c8c&#8221; global_colors_info=&#8221;{}&#8221;][et_pb_column type=&#8221;1_4&#8243; _builder_version=&#8221;4.16&#8243; global_colors_info=&#8221;{}&#8221;][et_pb_text _builder_version=&#8221;4.24.0&#8243; header_font=&#8221;||||||||&#8221; header_2_font=&#8221;Fjalla One||||||||&#8221; header_2_font_size=&#8221;60px&#8221; header_2_line_height=&#8221;1.2em&#8221; custom_margin=&#8221;|-16px||||&#8221; custom_padding=&#8221;|0px||||&#8221; header_2_font_size_tablet=&#8221;50px&#8221; header_2_font_size_phone=&#8221;30px&#8221; header_2_font_size_last_edited=&#8221;on|phone&#8221; global_colors_info=&#8221;{}&#8221;]<\/p>\n<h2>Viernes 28\/02\/2025<\/h2>\n<p>[\/et_pb_text][\/et_pb_column][et_pb_column type=&#8221;1_4&#8243; _builder_version=&#8221;4.16&#8243; global_colors_info=&#8221;{}&#8221;][et_pb_text _builder_version=&#8221;4.24.0&#8243; text_font_size=&#8221;20px&#8221; text_line_height=&#8221;1.3em&#8221; header_font=&#8221;||||||||&#8221; header_3_font=&#8221;Open Sans|600|||||||&#8221; header_3_font_size=&#8221;13px&#8221; header_3_line_height=&#8221;2.9em&#8221; text_orientation=&#8221;center&#8221; width=&#8221;100%&#8221; max_width=&#8221;100%&#8221; custom_margin=&#8221;|||0px|false|false&#8221; custom_padding=&#8221;|0px||||&#8221; locked=&#8221;off&#8221; global_colors_info=&#8221;{}&#8221;]<\/p>\n<h1><strong>Cortegana<\/strong><\/h1>\n<p>[\/et_pb_text][\/et_pb_column][et_pb_column type=&#8221;1_4&#8243; _builder_version=&#8221;4.16&#8243; global_colors_info=&#8221;{}&#8221;][\/et_pb_column][et_pb_column type=&#8221;1_4&#8243; _builder_version=&#8221;4.16&#8243; _module_preset=&#8221;default&#8221; global_colors_info=&#8221;{}&#8221;][et_pb_button url_new_window=&#8221;on&#8221; button_text=&#8221;Plaza Esperanza 12h&#8221; button_alignment=&#8221;center&#8221; _builder_version=&#8221;4.24.0&#8243; custom_button=&#8221;on&#8221; button_text_size=&#8221;14px&#8221; button_text_color=&#8221;#ffffff&#8221; button_bg_color=&#8221;#f46aa0&#8243; button_bg_use_color_gradient=&#8221;on&#8221; button_bg_color_gradient_direction=&#8221;90deg&#8221; button_bg_color_gradient_stops=&#8221;#ffb397 0%|#f46aa0 100%&#8221; button_bg_color_gradient_start=&#8221;#ffb397&#8243; button_bg_color_gradient_end=&#8221;#f46aa0&#8243; button_border_width=&#8221;0px&#8221; button_border_radius=&#8221;0px&#8221; button_letter_spacing=&#8221;5px&#8221; button_font=&#8221;Open Sans|700||on|||||&#8221; button_icon=&#8221;&#x45;||divi||400&#8243; custom_margin=&#8221;10px||||false|false&#8221; custom_padding=&#8221;20px|40px|20px|40px|true|true&#8221; filter_saturate=&#8221;75%&#8221; locked=&#8221;off&#8221; global_colors_info=&#8221;{}&#8221;][\/et_pb_button][\/et_pb_column][\/et_pb_row][et_pb_row column_structure=&#8221;1_4,1_4,1_4,1_4&#8243; use_custom_gutter=&#8221;on&#8221; gutter_width=&#8221;1&#8243; make_equal=&#8221;on&#8221; admin_label=&#8221;Eventos&#8221; _builder_version=&#8221;4.18.0&#8243; background_color=&#8221;#1FD7E0&#8243; width=&#8221;93%&#8221; max_width=&#8221;100%&#8221; module_alignment=&#8221;center&#8221; custom_margin=&#8221;|0px||0px|false|false&#8221; custom_css_main_element=&#8221;align-items:center;&#8221; border_width_top=&#8221;1px&#8221; border_color_top=&#8221;#8c8c8c&#8221; global_colors_info=&#8221;{}&#8221;][et_pb_column type=&#8221;1_4&#8243; _builder_version=&#8221;4.16&#8243; global_colors_info=&#8221;{}&#8221;][et_pb_text _builder_version=&#8221;4.24.0&#8243; header_font=&#8221;||||||||&#8221; header_2_font=&#8221;Fjalla One||||||||&#8221; header_2_font_size=&#8221;60px&#8221; header_2_line_height=&#8221;1.2em&#8221; custom_margin=&#8221;|-16px||||&#8221; custom_padding=&#8221;|0px||||&#8221; header_2_font_size_tablet=&#8221;50px&#8221; header_2_font_size_phone=&#8221;30px&#8221; header_2_font_size_last_edited=&#8221;on|phone&#8221; global_colors_info=&#8221;{}&#8221;]<\/p>\n<h2>S\u00e1bado 01\/03\/2025<\/h2>\n<p>[\/et_pb_text][\/et_pb_column][et_pb_column type=&#8221;1_4&#8243; _builder_version=&#8221;4.16&#8243; global_colors_info=&#8221;{}&#8221;][et_pb_text _builder_version=&#8221;4.24.0&#8243; text_font_size=&#8221;20px&#8221; text_line_height=&#8221;1.3em&#8221; header_font=&#8221;||||||||&#8221; header_3_font=&#8221;Open Sans|600|||||||&#8221; header_3_font_size=&#8221;13px&#8221; header_3_line_height=&#8221;2.9em&#8221; text_orientation=&#8221;center&#8221; width=&#8221;100%&#8221; max_width=&#8221;100%&#8221; custom_margin=&#8221;|||0px|false|false&#8221; custom_padding=&#8221;|0px||||&#8221; locked=&#8221;off&#8221; global_colors_info=&#8221;{}&#8221;]<\/p>\n<h1><strong>Cantillana<\/strong><\/h1>\n<p>[\/et_pb_text][\/et_pb_column][et_pb_column type=&#8221;1_4&#8243; _builder_version=&#8221;4.16&#8243; global_colors_info=&#8221;{}&#8221;][\/et_pb_column][et_pb_column type=&#8221;1_4&#8243; _builder_version=&#8221;4.16&#8243; _module_preset=&#8221;default&#8221; global_colors_info=&#8221;{}&#8221;][et_pb_button url_new_window=&#8221;on&#8221; button_text=&#8221;Casa de la Cultura 20h \u00a1Muy pronto podr\u00e1s conseguir tu entrada aqu\u00ed!&#8221; button_alignment=&#8221;center&#8221; _builder_version=&#8221;4.24.0&#8243; custom_button=&#8221;on&#8221; button_text_size=&#8221;14px&#8221; button_text_color=&#8221;#ffffff&#8221; button_bg_color=&#8221;#f46aa0&#8243; button_bg_use_color_gradient=&#8221;on&#8221; button_bg_color_gradient_direction=&#8221;90deg&#8221; button_bg_color_gradient_stops=&#8221;#ffb397 0%|#f46aa0 100%&#8221; button_bg_color_gradient_start=&#8221;#ffb397&#8243; button_bg_color_gradient_end=&#8221;#f46aa0&#8243; button_border_width=&#8221;0px&#8221; button_border_radius=&#8221;0px&#8221; button_letter_spacing=&#8221;5px&#8221; button_font=&#8221;Open Sans|700||on|||||&#8221; button_icon=&#8221;&#x45;||divi||400&#8243; custom_margin=&#8221;10px||||false|false&#8221; custom_padding=&#8221;20px|40px|20px|40px|true|true&#8221; filter_saturate=&#8221;75%&#8221; locked=&#8221;off&#8221; global_colors_info=&#8221;{}&#8221;][\/et_pb_button][\/et_pb_column][\/et_pb_row][et_pb_row column_structure=&#8221;1_4,1_4,1_4,1_4&#8243; use_custom_gutter=&#8221;on&#8221; gutter_width=&#8221;1&#8243; make_equal=&#8221;on&#8221; admin_label=&#8221;Eventos&#8221; _builder_version=&#8221;4.24.0&#8243; background_color=&#8221;#FFFFFF&#8221; width=&#8221;93%&#8221; max_width=&#8221;100%&#8221; module_alignment=&#8221;center&#8221; custom_margin=&#8221;|0px||0px|false|false&#8221; custom_css_main_element=&#8221;align-items:center;&#8221; border_width_top=&#8221;1px&#8221; border_color_top=&#8221;#8c8c8c&#8221; global_colors_info=&#8221;{}&#8221;][et_pb_column type=&#8221;1_4&#8243; _builder_version=&#8221;4.16&#8243; global_colors_info=&#8221;{}&#8221;][et_pb_text _builder_version=&#8221;4.24.0&#8243; header_font=&#8221;||||||||&#8221; header_2_font=&#8221;Fjalla One||||||||&#8221; header_2_font_size=&#8221;60px&#8221; header_2_line_height=&#8221;1.2em&#8221; custom_margin=&#8221;|-16px||||&#8221; custom_padding=&#8221;|0px||||&#8221; header_2_font_size_tablet=&#8221;50px&#8221; header_2_font_size_phone=&#8221;30px&#8221; header_2_font_size_last_edited=&#8221;on|phone&#8221; global_colors_info=&#8221;{}&#8221;]<\/p>\n<h2>Jueves 01\/05\/2025<\/h2>\n<p>[\/et_pb_text][\/et_pb_column][et_pb_column type=&#8221;1_4&#8243; _builder_version=&#8221;4.16&#8243; global_colors_info=&#8221;{}&#8221;][et_pb_text _builder_version=&#8221;4.24.0&#8243; text_font_size=&#8221;20px&#8221; text_line_height=&#8221;1.3em&#8221; header_font=&#8221;||||||||&#8221; header_3_font=&#8221;Open Sans|600|||||||&#8221; header_3_font_size=&#8221;13px&#8221; header_3_line_height=&#8221;2.9em&#8221; text_orientation=&#8221;center&#8221; width=&#8221;100%&#8221; max_width=&#8221;100%&#8221; custom_margin=&#8221;|||0px|false|false&#8221; custom_padding=&#8221;|0px||||&#8221; locked=&#8221;off&#8221; global_colors_info=&#8221;{}&#8221;]<\/p>\n<h1><strong>Arcos<\/strong><\/h1>\n<p>[\/et_pb_text][\/et_pb_column][et_pb_column type=&#8221;1_4&#8243; _builder_version=&#8221;4.16&#8243; global_colors_info=&#8221;{}&#8221;][\/et_pb_column][et_pb_column type=&#8221;1_4&#8243; _builder_version=&#8221;4.16&#8243; _module_preset=&#8221;default&#8221; global_colors_info=&#8221;{}&#8221;][et_pb_button url_new_window=&#8221;on&#8221; button_text=&#8221;Plaza de los Panderetos 20h&#8221; button_alignment=&#8221;center&#8221; _builder_version=&#8221;4.24.0&#8243; custom_button=&#8221;on&#8221; button_text_size=&#8221;14px&#8221; button_text_color=&#8221;#ffffff&#8221; button_bg_color=&#8221;#f46aa0&#8243; button_bg_use_color_gradient=&#8221;on&#8221; button_bg_color_gradient_direction=&#8221;90deg&#8221; button_bg_color_gradient_stops=&#8221;#ffb397 0%|#f46aa0 100%&#8221; button_bg_color_gradient_start=&#8221;#ffb397&#8243; button_bg_color_gradient_end=&#8221;#f46aa0&#8243; button_border_width=&#8221;0px&#8221; button_border_radius=&#8221;0px&#8221; button_letter_spacing=&#8221;5px&#8221; button_font=&#8221;Open Sans|700||on|||||&#8221; button_icon=&#8221;&#x45;||divi||400&#8243; custom_margin=&#8221;10px||||false|false&#8221; custom_padding=&#8221;20px|40px|20px|40px|true|true&#8221; filter_saturate=&#8221;75%&#8221; locked=&#8221;off&#8221; global_colors_info=&#8221;{}&#8221;][\/et_pb_button][\/et_pb_column][\/et_pb_row][et_pb_row column_structure=&#8221;1_4,1_4,1_4,1_4&#8243; use_custom_gutter=&#8221;on&#8221; gutter_width=&#8221;1&#8243; make_equal=&#8221;on&#8221; admin_label=&#8221;Eventos&#8221; _builder_version=&#8221;4.24.0&#8243; background_color=&#8221;#FFFFFF&#8221; width=&#8221;93%&#8221; max_width=&#8221;100%&#8221; module_alignment=&#8221;center&#8221; custom_margin=&#8221;|0px||0px|false|false&#8221; custom_css_main_element=&#8221;align-items:center;&#8221; border_width_top=&#8221;1px&#8221; border_color_top=&#8221;#8c8c8c&#8221; global_colors_info=&#8221;{}&#8221;][et_pb_column type=&#8221;1_4&#8243; _builder_version=&#8221;4.16&#8243; global_colors_info=&#8221;{}&#8221;][et_pb_text _builder_version=&#8221;4.24.0&#8243; header_font=&#8221;||||||||&#8221; header_2_font=&#8221;Fjalla One||||||||&#8221; header_2_font_size=&#8221;60px&#8221; header_2_line_height=&#8221;1.2em&#8221; custom_margin=&#8221;|-16px||||&#8221; custom_padding=&#8221;|0px||||&#8221; header_2_font_size_tablet=&#8221;50px&#8221; header_2_font_size_phone=&#8221;30px&#8221; header_2_font_size_last_edited=&#8221;on|phone&#8221; global_colors_info=&#8221;{}&#8221;]<\/p>\n<h2>Jueves 22\/05\/2025<\/h2>\n<p>[\/et_pb_text][\/et_pb_column][et_pb_column type=&#8221;1_4&#8243; _builder_version=&#8221;4.16&#8243; global_colors_info=&#8221;{}&#8221;][et_pb_text _builder_version=&#8221;4.24.0&#8243; text_font_size=&#8221;20px&#8221; text_line_height=&#8221;1.3em&#8221; header_font=&#8221;||||||||&#8221; header_3_font=&#8221;Open Sans|600|||||||&#8221; header_3_font_size=&#8221;13px&#8221; header_3_line_height=&#8221;2.9em&#8221; text_orientation=&#8221;center&#8221; width=&#8221;100%&#8221; max_width=&#8221;100%&#8221; custom_margin=&#8221;|||0px|false|false&#8221; custom_padding=&#8221;|0px||||&#8221; locked=&#8221;off&#8221; global_colors_info=&#8221;{}&#8221;]<\/p>\n<h1><strong>Albox<\/strong><\/h1>\n<p>[\/et_pb_text][\/et_pb_column][et_pb_column type=&#8221;1_4&#8243; _builder_version=&#8221;4.16&#8243; global_colors_info=&#8221;{}&#8221;][\/et_pb_column][et_pb_column type=&#8221;1_4&#8243; _builder_version=&#8221;4.16&#8243; _module_preset=&#8221;default&#8221; global_colors_info=&#8221;{}&#8221;][et_pb_button url_new_window=&#8221;on&#8221; button_text=&#8221;Plaza Mayor 20h&#8221; button_alignment=&#8221;center&#8221; _builder_version=&#8221;4.24.0&#8243; custom_button=&#8221;on&#8221; button_text_size=&#8221;14px&#8221; button_text_color=&#8221;#ffffff&#8221; button_bg_color=&#8221;#f46aa0&#8243; button_bg_use_color_gradient=&#8221;on&#8221; button_bg_color_gradient_direction=&#8221;90deg&#8221; button_bg_color_gradient_stops=&#8221;#ffb397 0%|#f46aa0 100%&#8221; button_bg_color_gradient_start=&#8221;#ffb397&#8243; button_bg_color_gradient_end=&#8221;#f46aa0&#8243; button_border_width=&#8221;0px&#8221; button_border_radius=&#8221;0px&#8221; button_letter_spacing=&#8221;5px&#8221; button_font=&#8221;Open Sans|700||on|||||&#8221; button_icon=&#8221;&#x45;||divi||400&#8243; custom_margin=&#8221;10px||||false|false&#8221; custom_padding=&#8221;20px|40px|20px|40px|true|true&#8221; filter_saturate=&#8221;75%&#8221; locked=&#8221;off&#8221; global_colors_info=&#8221;{}&#8221;][\/et_pb_button][\/et_pb_column][\/et_pb_row][et_pb_row column_structure=&#8221;1_4,1_4,1_4,1_4&#8243; use_custom_gutter=&#8221;on&#8221; gutter_width=&#8221;1&#8243; make_equal=&#8221;on&#8221; admin_label=&#8221;Eventos&#8221; _builder_version=&#8221;4.24.0&#8243; background_color=&#8221;#FFFFFF&#8221; width=&#8221;93%&#8221; max_width=&#8221;100%&#8221; module_alignment=&#8221;center&#8221; custom_margin=&#8221;|0px||0px|false|false&#8221; custom_css_main_element=&#8221;align-items:center;&#8221; border_width_top=&#8221;1px&#8221; border_color_top=&#8221;#8c8c8c&#8221; global_colors_info=&#8221;{}&#8221;][et_pb_column type=&#8221;1_4&#8243; _builder_version=&#8221;4.16&#8243; global_colors_info=&#8221;{}&#8221;][et_pb_text _builder_version=&#8221;4.24.0&#8243; header_font=&#8221;||||||||&#8221; header_2_font=&#8221;Fjalla One||||||||&#8221; header_2_font_size=&#8221;60px&#8221; header_2_line_height=&#8221;1.2em&#8221; custom_margin=&#8221;|-16px||||&#8221; custom_padding=&#8221;|0px||||&#8221; header_2_font_size_tablet=&#8221;50px&#8221; header_2_font_size_phone=&#8221;30px&#8221; header_2_font_size_last_edited=&#8221;on|phone&#8221; global_colors_info=&#8221;{}&#8221;]<\/p>\n<h2>S\u00e1bado 21\/06\/2025<\/h2>\n<p>[\/et_pb_text][\/et_pb_column][et_pb_column type=&#8221;1_4&#8243; _builder_version=&#8221;4.16&#8243; global_colors_info=&#8221;{}&#8221;][et_pb_text _builder_version=&#8221;4.24.0&#8243; text_font_size=&#8221;20px&#8221; text_line_height=&#8221;1.3em&#8221; header_font=&#8221;||||||||&#8221; header_3_font=&#8221;Open Sans|600|||||||&#8221; header_3_font_size=&#8221;13px&#8221; header_3_line_height=&#8221;2.9em&#8221; text_orientation=&#8221;center&#8221; width=&#8221;100%&#8221; max_width=&#8221;100%&#8221; custom_margin=&#8221;|||0px|false|false&#8221; custom_padding=&#8221;|0px||||&#8221; locked=&#8221;off&#8221; global_colors_info=&#8221;{}&#8221;]<\/p>\n<h1><strong>Cazorla<\/strong><\/h1>\n<p>[\/et_pb_text][\/et_pb_column][et_pb_column type=&#8221;1_4&#8243; _builder_version=&#8221;4.16&#8243; global_colors_info=&#8221;{}&#8221;][\/et_pb_column][et_pb_column type=&#8221;1_4&#8243; _builder_version=&#8221;4.16&#8243; _module_preset=&#8221;default&#8221; global_colors_info=&#8221;{}&#8221;][et_pb_button url_new_window=&#8221;on&#8221; button_text=&#8221;Pendiente Ubicaci\u00f3n Exacta&#8221; button_alignment=&#8221;center&#8221; _builder_version=&#8221;4.24.0&#8243; custom_button=&#8221;on&#8221; button_text_size=&#8221;14px&#8221; button_text_color=&#8221;#ffffff&#8221; button_bg_color=&#8221;#f46aa0&#8243; button_bg_use_color_gradient=&#8221;on&#8221; button_bg_color_gradient_direction=&#8221;90deg&#8221; button_bg_color_gradient_stops=&#8221;#ffb397 0%|#f46aa0 100%&#8221; button_bg_color_gradient_start=&#8221;#ffb397&#8243; button_bg_color_gradient_end=&#8221;#f46aa0&#8243; button_border_width=&#8221;0px&#8221; button_border_radius=&#8221;0px&#8221; button_letter_spacing=&#8221;5px&#8221; button_font=&#8221;Open Sans|700||on|||||&#8221; button_icon=&#8221;&#x45;||divi||400&#8243; custom_margin=&#8221;10px||||false|false&#8221; custom_padding=&#8221;20px|40px|20px|40px|true|true&#8221; filter_saturate=&#8221;75%&#8221; locked=&#8221;off&#8221; global_colors_info=&#8221;{}&#8221;][\/et_pb_button][\/et_pb_column][\/et_pb_row][et_pb_row column_structure=&#8221;1_4,1_4,1_4,1_4&#8243; use_custom_gutter=&#8221;on&#8221; gutter_width=&#8221;1&#8243; make_equal=&#8221;on&#8221; admin_label=&#8221;Eventos&#8221; _builder_version=&#8221;4.24.0&#8243; background_color=&#8221;#FFFFFF&#8221; width=&#8221;93%&#8221; max_width=&#8221;100%&#8221; module_alignment=&#8221;center&#8221; custom_margin=&#8221;|0px||0px|false|false&#8221; custom_css_main_element=&#8221;align-items:center;&#8221; border_width_top=&#8221;1px&#8221; border_color_top=&#8221;#8c8c8c&#8221; global_colors_info=&#8221;{}&#8221;][et_pb_column type=&#8221;1_4&#8243; _builder_version=&#8221;4.16&#8243; global_colors_info=&#8221;{}&#8221;][et_pb_text _builder_version=&#8221;4.24.0&#8243; header_font=&#8221;||||||||&#8221; header_2_font=&#8221;Fjalla One||||||||&#8221; header_2_font_size=&#8221;60px&#8221; header_2_line_height=&#8221;1.2em&#8221; custom_margin=&#8221;|-16px||||&#8221; custom_padding=&#8221;|0px||||&#8221; header_2_font_size_tablet=&#8221;50px&#8221; header_2_font_size_phone=&#8221;30px&#8221; header_2_font_size_last_edited=&#8221;on|phone&#8221; global_colors_info=&#8221;{}&#8221;]<\/p>\n<h2>Domingo 29\/06-S\u00e1bado 05\/07\/25<\/h2>\n<p>[\/et_pb_text][\/et_pb_column][et_pb_column type=&#8221;1_4&#8243; _builder_version=&#8221;4.16&#8243; global_colors_info=&#8221;{}&#8221;][et_pb_text _builder_version=&#8221;4.24.0&#8243; text_font_size=&#8221;20px&#8221; text_line_height=&#8221;1.3em&#8221; header_font=&#8221;||||||||&#8221; header_3_font=&#8221;Open Sans|600|||||||&#8221; header_3_font_size=&#8221;13px&#8221; header_3_line_height=&#8221;2.9em&#8221; text_orientation=&#8221;center&#8221; width=&#8221;100%&#8221; max_width=&#8221;100%&#8221; custom_margin=&#8221;|||0px|false|false&#8221; custom_padding=&#8221;|0px||||&#8221; locked=&#8221;off&#8221; global_colors_info=&#8221;{}&#8221;]<\/p>\n<h1><strong>Serbia<\/strong><\/h1>\n<p>[\/et_pb_text][\/et_pb_column][et_pb_column type=&#8221;1_4&#8243; _builder_version=&#8221;4.16&#8243; global_colors_info=&#8221;{}&#8221;][\/et_pb_column][et_pb_column type=&#8221;1_4&#8243; _builder_version=&#8221;4.16&#8243; _module_preset=&#8221;default&#8221; global_colors_info=&#8221;{}&#8221;][et_pb_button url_new_window=&#8221;on&#8221; button_text=&#8221;Novisad-Belgrado-Nis&#8221; button_alignment=&#8221;center&#8221; _builder_version=&#8221;4.24.0&#8243; custom_button=&#8221;on&#8221; button_text_size=&#8221;14px&#8221; button_text_color=&#8221;#ffffff&#8221; button_bg_color=&#8221;#f46aa0&#8243; button_bg_use_color_gradient=&#8221;on&#8221; button_bg_color_gradient_direction=&#8221;90deg&#8221; button_bg_color_gradient_stops=&#8221;#ffb397 0%|#f46aa0 100%&#8221; button_bg_color_gradient_start=&#8221;#ffb397&#8243; button_bg_color_gradient_end=&#8221;#f46aa0&#8243; button_border_width=&#8221;0px&#8221; button_border_radius=&#8221;0px&#8221; button_letter_spacing=&#8221;5px&#8221; button_font=&#8221;Open Sans|700||on|||||&#8221; button_icon=&#8221;&#x45;||divi||400&#8243; custom_margin=&#8221;10px||||false|false&#8221; custom_padding=&#8221;20px|40px|20px|40px|true|true&#8221; filter_saturate=&#8221;75%&#8221; locked=&#8221;off&#8221; global_colors_info=&#8221;{}&#8221;][\/et_pb_button][\/et_pb_column][\/et_pb_row][et_pb_row column_structure=&#8221;1_4,1_4,1_4,1_4&#8243; use_custom_gutter=&#8221;on&#8221; gutter_width=&#8221;1&#8243; make_equal=&#8221;on&#8221; admin_label=&#8221;Eventos&#8221; _builder_version=&#8221;4.24.0&#8243; background_color=&#8221;#FFFFFF&#8221; width=&#8221;93%&#8221; max_width=&#8221;100%&#8221; module_alignment=&#8221;center&#8221; custom_margin=&#8221;|0px||0px|false|false&#8221; custom_css_main_element=&#8221;align-items:center;&#8221; border_width_top=&#8221;1px&#8221; border_color_top=&#8221;#8c8c8c&#8221; global_colors_info=&#8221;{}&#8221;][et_pb_column type=&#8221;1_4&#8243; _builder_version=&#8221;4.16&#8243; global_colors_info=&#8221;{}&#8221;][et_pb_text _builder_version=&#8221;4.24.0&#8243; header_font=&#8221;||||||||&#8221; header_2_font=&#8221;Fjalla One||||||||&#8221; header_2_font_size=&#8221;60px&#8221; header_2_line_height=&#8221;1.2em&#8221; custom_margin=&#8221;|-16px||||&#8221; custom_padding=&#8221;|0px||||&#8221; header_2_font_size_tablet=&#8221;50px&#8221; header_2_font_size_phone=&#8221;30px&#8221; header_2_font_size_last_edited=&#8221;on|phone&#8221; global_colors_info=&#8221;{}&#8221;]<\/p>\n<h2>Viernes 05\/09\/2025<\/h2>\n<p>[\/et_pb_text][\/et_pb_column][et_pb_column type=&#8221;1_4&#8243; _builder_version=&#8221;4.16&#8243; global_colors_info=&#8221;{}&#8221;][et_pb_text _builder_version=&#8221;4.24.0&#8243; text_font_size=&#8221;20px&#8221; text_line_height=&#8221;1.3em&#8221; header_font=&#8221;||||||||&#8221; header_3_font=&#8221;Open Sans|600|||||||&#8221; header_3_font_size=&#8221;13px&#8221; header_3_line_height=&#8221;2.9em&#8221; text_orientation=&#8221;center&#8221; width=&#8221;100%&#8221; max_width=&#8221;100%&#8221; custom_margin=&#8221;|||0px|false|false&#8221; custom_padding=&#8221;|0px||||&#8221; locked=&#8221;off&#8221; global_colors_info=&#8221;{}&#8221;]<\/p>\n<h1><strong>Estepona<\/strong><\/h1>\n<p>[\/et_pb_text][\/et_pb_column][et_pb_column type=&#8221;1_4&#8243; _builder_version=&#8221;4.16&#8243; global_colors_info=&#8221;{}&#8221;][\/et_pb_column][et_pb_column type=&#8221;1_4&#8243; _builder_version=&#8221;4.16&#8243; _module_preset=&#8221;default&#8221; global_colors_info=&#8221;{}&#8221;][et_pb_button url_new_window=&#8221;on&#8221; button_text=&#8221;Pendiente Ubicaci\u00f3n Exacta&#8221; button_alignment=&#8221;center&#8221; _builder_version=&#8221;4.24.0&#8243; custom_button=&#8221;on&#8221; button_text_size=&#8221;14px&#8221; button_text_color=&#8221;#ffffff&#8221; button_bg_color=&#8221;#f46aa0&#8243; button_bg_use_color_gradient=&#8221;on&#8221; button_bg_color_gradient_direction=&#8221;90deg&#8221; button_bg_color_gradient_stops=&#8221;#ffb397 0%|#f46aa0 100%&#8221; button_bg_color_gradient_start=&#8221;#ffb397&#8243; button_bg_color_gradient_end=&#8221;#f46aa0&#8243; button_border_width=&#8221;0px&#8221; button_border_radius=&#8221;0px&#8221; button_letter_spacing=&#8221;5px&#8221; button_font=&#8221;Open Sans|700||on|||||&#8221; button_icon=&#8221;&#x45;||divi||400&#8243; custom_margin=&#8221;10px||||false|false&#8221; custom_padding=&#8221;20px|40px|20px|40px|true|true&#8221; filter_saturate=&#8221;75%&#8221; locked=&#8221;off&#8221; global_colors_info=&#8221;{}&#8221;][\/et_pb_button][\/et_pb_column][\/et_pb_row][et_pb_row column_structure=&#8221;1_4,1_4,1_4,1_4&#8243; use_custom_gutter=&#8221;on&#8221; gutter_width=&#8221;1&#8243; make_equal=&#8221;on&#8221; admin_label=&#8221;Eventos&#8221; _builder_version=&#8221;4.18.0&#8243; background_color=&#8221;#1FD7E0&#8243; width=&#8221;93%&#8221; max_width=&#8221;100%&#8221; module_alignment=&#8221;center&#8221; custom_margin=&#8221;|0px||0px|false|false&#8221; custom_css_main_element=&#8221;align-items:center;&#8221; border_width_top=&#8221;1px&#8221; border_color_top=&#8221;#8c8c8c&#8221; global_colors_info=&#8221;{}&#8221;][et_pb_column type=&#8221;1_4&#8243; _builder_version=&#8221;4.16&#8243; global_colors_info=&#8221;{}&#8221;][et_pb_text _builder_version=&#8221;4.24.0&#8243; header_font=&#8221;||||||||&#8221; header_2_font=&#8221;Fjalla One||||||||&#8221; header_2_font_size=&#8221;60px&#8221; header_2_line_height=&#8221;1.2em&#8221; custom_margin=&#8221;|-16px||||&#8221; custom_padding=&#8221;|0px||||&#8221; header_2_font_size_tablet=&#8221;50px&#8221; header_2_font_size_phone=&#8221;30px&#8221; header_2_font_size_last_edited=&#8221;on|phone&#8221; global_colors_info=&#8221;{}&#8221;]<\/p>\n<h2>Viernes 07\/11\/2025<\/h2>\n<p>[\/et_pb_text][\/et_pb_column][et_pb_column type=&#8221;1_4&#8243; _builder_version=&#8221;4.16&#8243; global_colors_info=&#8221;{}&#8221;][et_pb_text _builder_version=&#8221;4.24.0&#8243; text_font_size=&#8221;20px&#8221; text_line_height=&#8221;1.3em&#8221; header_font=&#8221;||||||||&#8221; header_3_font=&#8221;Open Sans|600|||||||&#8221; header_3_font_size=&#8221;13px&#8221; header_3_line_height=&#8221;2.9em&#8221; text_orientation=&#8221;center&#8221; width=&#8221;100%&#8221; max_width=&#8221;100%&#8221; custom_margin=&#8221;|||0px|false|false&#8221; custom_padding=&#8221;|0px||||&#8221; locked=&#8221;off&#8221; global_colors_info=&#8221;{}&#8221;]<\/p>\n<h1><strong>Sanl\u00facar la Mayor<\/strong><\/h1>\n<p>[\/et_pb_text][\/et_pb_column][et_pb_column type=&#8221;1_4&#8243; _builder_version=&#8221;4.16&#8243; global_colors_info=&#8221;{}&#8221;][\/et_pb_column][et_pb_column type=&#8221;1_4&#8243; _builder_version=&#8221;4.16&#8243; _module_preset=&#8221;default&#8221; global_colors_info=&#8221;{}&#8221;][et_pb_button url_new_window=&#8221;on&#8221; button_text=&#8221;Teatro 20:30h aprox \u00a1Muy pronto podr\u00e1s conseguir tu entrada aqu\u00ed!&#8221; button_alignment=&#8221;center&#8221; _builder_version=&#8221;4.24.0&#8243; custom_button=&#8221;on&#8221; button_text_size=&#8221;14px&#8221; button_text_color=&#8221;#ffffff&#8221; button_bg_color=&#8221;#f46aa0&#8243; button_bg_use_color_gradient=&#8221;on&#8221; button_bg_color_gradient_direction=&#8221;90deg&#8221; button_bg_color_gradient_stops=&#8221;#ffb397 0%|#f46aa0 100%&#8221; button_bg_color_gradient_start=&#8221;#ffb397&#8243; button_bg_color_gradient_end=&#8221;#f46aa0&#8243; button_border_width=&#8221;0px&#8221; button_border_radius=&#8221;0px&#8221; button_letter_spacing=&#8221;5px&#8221; button_font=&#8221;Open Sans|700||on|||||&#8221; button_icon=&#8221;&#x45;||divi||400&#8243; custom_margin=&#8221;10px||||false|false&#8221; custom_padding=&#8221;20px|40px|20px|40px|true|true&#8221; filter_saturate=&#8221;75%&#8221; locked=&#8221;off&#8221; global_colors_info=&#8221;{}&#8221;][\/et_pb_button][\/et_pb_column][\/et_pb_row][et_pb_row column_structure=&#8221;1_4,1_4,1_4,1_4&#8243; use_custom_gutter=&#8221;on&#8221; gutter_width=&#8221;1&#8243; make_equal=&#8221;on&#8221; admin_label=&#8221;Eventos&#8221; _builder_version=&#8221;4.18.0&#8243; background_color=&#8221;#1FD7E0&#8243; width=&#8221;93%&#8221; max_width=&#8221;100%&#8221; module_alignment=&#8221;center&#8221; custom_margin=&#8221;|0px||0px|false|false&#8221; custom_css_main_element=&#8221;align-items:center;&#8221; border_width_top=&#8221;1px&#8221; border_color_top=&#8221;#8c8c8c&#8221; global_colors_info=&#8221;{}&#8221;][et_pb_column type=&#8221;1_4&#8243; _builder_version=&#8221;4.16&#8243; global_colors_info=&#8221;{}&#8221;][et_pb_text _builder_version=&#8221;4.24.0&#8243; header_font=&#8221;||||||||&#8221; header_2_font=&#8221;Fjalla One||||||||&#8221; header_2_font_size=&#8221;60px&#8221; header_2_line_height=&#8221;1.2em&#8221; custom_margin=&#8221;|-16px||||&#8221; custom_padding=&#8221;|0px||||&#8221; header_2_font_size_tablet=&#8221;50px&#8221; header_2_font_size_phone=&#8221;30px&#8221; header_2_font_size_last_edited=&#8221;on|phone&#8221; global_colors_info=&#8221;{}&#8221;]<\/p>\n<h2>S\u00e1bado 15\/11\/2025<\/h2>\n<p>[\/et_pb_text][\/et_pb_column][et_pb_column type=&#8221;1_4&#8243; _builder_version=&#8221;4.16&#8243; global_colors_info=&#8221;{}&#8221;][et_pb_text _builder_version=&#8221;4.24.0&#8243; text_font_size=&#8221;20px&#8221; text_line_height=&#8221;1.3em&#8221; header_font=&#8221;||||||||&#8221; header_3_font=&#8221;Open Sans|600|||||||&#8221; header_3_font_size=&#8221;13px&#8221; header_3_line_height=&#8221;2.9em&#8221; text_orientation=&#8221;center&#8221; width=&#8221;100%&#8221; max_width=&#8221;100%&#8221; custom_margin=&#8221;|||0px|false|false&#8221; custom_padding=&#8221;|0px||||&#8221; locked=&#8221;off&#8221; global_colors_info=&#8221;{}&#8221;]<\/p>\n<h1><strong>Castilleja del Campo<\/strong><\/h1>\n<p>[\/et_pb_text][\/et_pb_column][et_pb_column type=&#8221;1_4&#8243; _builder_version=&#8221;4.16&#8243; global_colors_info=&#8221;{}&#8221;][\/et_pb_column][et_pb_column type=&#8221;1_4&#8243; _builder_version=&#8221;4.16&#8243; _module_preset=&#8221;default&#8221; global_colors_info=&#8221;{}&#8221;][et_pb_button url_new_window=&#8221;on&#8221; button_text=&#8221;Teatro 20:30h aprox \u00a1Muy pronto podr\u00e1s conseguir tu entrada aqu\u00ed!&#8221; button_alignment=&#8221;center&#8221; _builder_version=&#8221;4.24.0&#8243; custom_button=&#8221;on&#8221; button_text_size=&#8221;14px&#8221; button_text_color=&#8221;#ffffff&#8221; button_bg_color=&#8221;#f46aa0&#8243; button_bg_use_color_gradient=&#8221;on&#8221; button_bg_color_gradient_direction=&#8221;90deg&#8221; button_bg_color_gradient_stops=&#8221;#ffb397 0%|#f46aa0 100%&#8221; button_bg_color_gradient_start=&#8221;#ffb397&#8243; button_bg_color_gradient_end=&#8221;#f46aa0&#8243; button_border_width=&#8221;0px&#8221; button_border_radius=&#8221;0px&#8221; button_letter_spacing=&#8221;5px&#8221; button_font=&#8221;Open Sans|700||on|||||&#8221; button_icon=&#8221;&#x45;||divi||400&#8243; custom_margin=&#8221;10px||||false|false&#8221; custom_padding=&#8221;20px|40px|20px|40px|true|true&#8221; filter_saturate=&#8221;75%&#8221; locked=&#8221;off&#8221; global_colors_info=&#8221;{}&#8221;][\/et_pb_button][\/et_pb_column][\/et_pb_row][\/et_pb_section][et_pb_section fb_built=&#8221;1&#8243; _builder_version=&#8221;4.16&#8243; custom_padding=&#8221;0px|||||&#8221; global_colors_info=&#8221;{}&#8221;][et_pb_row _builder_version=&#8221;4.16&#8243; global_colors_info=&#8221;{}&#8221;][et_pb_column type=&#8221;4_4&#8243; _builder_version=&#8221;4.16&#8243; global_colors_info=&#8221;{}&#8221;][et_pb_text _builder_version=&#8221;4.16&#8243; text_font=&#8221;||||||||&#8221; text_font_size=&#8221;16px&#8221; text_line_height=&#8221;1.8em&#8221; header_font=&#8221;||||||||&#8221; header_2_font=&#8221;Fjalla One|||on|||||&#8221; header_2_text_align=&#8221;left&#8221; header_2_text_color=&#8221;#000000&#8243; header_2_font_size=&#8221;35px&#8221; header_2_line_height=&#8221;1.2em&#8221; text_orientation=&#8221;center&#8221; width_tablet=&#8221;600px&#8221; width_phone=&#8221;400px&#8221; width_last_edited=&#8221;off|phone&#8221; max_width=&#8221;100%&#8221; module_alignment=&#8221;center&#8221; filter_opacity=&#8221;30%&#8221; header_2_font_size_tablet=&#8221;50px&#8221; header_2_font_size_phone=&#8221;30px&#8221; header_2_font_size_last_edited=&#8221;on|phone&#8221; text_text_align=&#8221;center&#8221; locked=&#8221;off&#8221; global_colors_info=&#8221;{}&#8221;]<\/p>\n<h2>PERFORMANCES IN PREVIOUS YEARS<\/h2>\n<p>[\/et_pb_text][et_pb_tabs _builder_version=&#8221;4.16&#8243; custom_padding=&#8221;24px|||||&#8221; global_colors_info=&#8221;{}&#8221;][et_pb_tab title=&#8221;2019&#8243; _builder_version=&#8221;4.16&#8243; global_colors_info=&#8221;{}&#8221;]<\/p>\n<table width=\"100%\">\n<tbody>\n<tr>\n<td style=\"width: 89px\">08\/02\/2019<\/td>\n<td style=\"width: 195px\">TEATRO MONTEQUINTO-DOS HERMANAS, SEVILLA<\/td>\n<td style=\"width: 181px\">AYTO DOS HERMANAS<\/td>\n<td style=\"width: 160px\">PROGRAMACI\u00d3N TEATRO MONTEQUINTO<\/td>\n<\/tr>\n<tr>\n<td style=\"width: 89px\">09\/02\/2019<\/td>\n<td style=\"width: 195px\">JARDINES DE SAN SEBASTI\u00c1N EN ALGARROBO, M\u00c1LAGA<\/td>\n<td style=\"width: 181px\">AYTO ALGARROBO<\/td>\n<td style=\"width: 160px\">FIESTAS DEL PATR\u00d3N DE SAN SEBASTI\u00c1N<\/td>\n<\/tr>\n<tr>\n<td style=\"width: 89px\">28\/02\/2019<\/td>\n<td style=\"width: 195px\">PLAZA DE ANDALUC\u00cdA DE EL GASTOR, C\u00c1DIZ<\/td>\n<td style=\"width: 181px\">DIPUTACI\u00d3N C\u00c1DIZ<\/td>\n<td style=\"width: 160px\">CIRCUITO DIPUTACI\u00d3N &#8220;PLANEA&#8221;.<\/td>\n<\/tr>\n<tr>\n<td style=\"width: 89px\">28\/02\/2019<\/td>\n<td style=\"width: 195px\">PLAZA DE LA CONSTITUCI\u00d3N DE SAN MART\u00cdN DEL TESORILLO, C\u00c1DIZ<\/td>\n<td style=\"width: 181px\">DIPUTACI\u00d3N C\u00c1DIZ<\/td>\n<td style=\"width: 160px\">CIRCUITO DIPUTACI\u00d3N &#8220;PLANEA&#8221;.<\/td>\n<\/tr>\n<tr>\n<td style=\"width: 89px\">02\/03\/2019<\/td>\n<td style=\"width: 195px\">CENTRO CULTURAL DE JUBRIQUE, M\u00c1LAGA<\/td>\n<td style=\"width: 181px\">AYTO JUBRIQUE<\/td>\n<td style=\"width: 160px\">SEMANA CULTURAL<\/td>\n<\/tr>\n<tr>\n<td style=\"width: 89px\">08\/03\/2019<\/td>\n<td style=\"width: 195px\">PLAZA DE LA CONSTITUCI\u00d3N DE JIMENA DE LA FRONTERA, C\u00c1DIZ<\/td>\n<td style=\"width: 181px\">DIPUTACI\u00d3N C\u00c1DIZ<\/td>\n<td style=\"width: 160px\">CIRCUITO DIPUTACI\u00d3N &#8220;PLANEA&#8221;.<\/td>\n<\/tr>\n<tr>\n<td style=\"width: 89px\">16\/03\/2019<\/td>\n<td style=\"width: 195px\">PLAZA DE TOROS EN CAMAS<\/td>\n<td style=\"width: 181px\">AYTO CAMAS<\/td>\n<td style=\"width: 160px\">DESFILE DE MODA<\/td>\n<\/tr>\n<tr>\n<td style=\"width: 89px\">20\/04\/2019<\/td>\n<td style=\"width: 195px\">PARQUE PASOS LARGOS EN EL BURGO, M\u00c1LAGA<\/td>\n<td style=\"width: 181px\">AYTO EL BURGO<\/td>\n<td style=\"width: 160px\">&#8211;<\/td>\n<\/tr>\n<tr>\n<td style=\"width: 89px\">12\/05\/2019<\/td>\n<td style=\"width: 195px\">PLAZA ANDALUC\u00cdA EN CASTELLAR DE LA FRONTERA, C\u00c1DIZ<\/td>\n<td style=\"width: 181px\">DIPUTACI\u00d3N C\u00c1DIZ<\/td>\n<td style=\"width: 160px\">CIRCUITO DIPUTACI\u00d3N &#8220;PLANEA&#8221;.<\/td>\n<\/tr>\n<tr>\n<td style=\"width: 89px\">17\/05\/2019<\/td>\n<td style=\"width: 195px\">CINE TEATRO MUNICIPAL DE FACINAS, C\u00c1DIZ<\/td>\n<td style=\"width: 181px\">DIPUTACI\u00d3N C\u00c1DIZ<\/td>\n<td style=\"width: 160px\">CIRCUITO DIPUTACI\u00d3N &#8220;PLANEA&#8221;.<\/td>\n<\/tr>\n<tr>\n<td style=\"width: 89px\">28\/06\/2019<\/td>\n<td style=\"width: 195px\">PLAZA ARTESAN\u00cdA DE NUEVA JARILLA-JEREZ, C\u00c1DIZ<\/td>\n<td style=\"width: 181px\">DIPUTACI\u00d3N C\u00c1DIZ<\/td>\n<td style=\"width: 160px\">CIRCUITO DIPUTACI\u00d3N &#8220;PLANEA&#8221;.<\/td>\n<\/tr>\n<tr>\n<td style=\"width: 89px\">26\/07\/2019<\/td>\n<td style=\"width: 195px\">JIMERA DE L\u00cdBAR<\/td>\n<td style=\"width: 181px\">AYTO JIMERA DE L\u00cdBAR<\/td>\n<td style=\"width: 160px\">SEMANA CULTURAL<\/td>\n<\/tr>\n<tr>\n<td style=\"width: 89px\">01\/08\/2019<\/td>\n<td style=\"width: 195px\">BENALAUR\u00cdA<\/td>\n<td style=\"width: 181px\"><\/td>\n<td style=\"width: 160px\"><\/td>\n<\/tr>\n<tr>\n<td style=\"width: 89px\">02\/08\/2019<\/td>\n<td style=\"width: 195px\">ALGAR<\/td>\n<td style=\"width: 181px\">DIPUTACI\u00d3N C\u00c1DIZ<\/td>\n<td style=\"width: 160px\">CIRCUITO DIPUTACI\u00d3N &#8220;PLANEA&#8221;.<\/td>\n<\/tr>\n<tr>\n<td style=\"width: 89px\">05\/08\/2019<\/td>\n<td style=\"width: 195px\">MONTEJAQUE<\/td>\n<td style=\"width: 181px\">AYTO MONTEJAQUE<\/td>\n<td style=\"width: 160px\">SEMANA CULTURAL<\/td>\n<\/tr>\n<tr>\n<td style=\"width: 89px\">08\/08\/2019<\/td>\n<td style=\"width: 195px\">FARAJ\u00c1N<\/td>\n<td style=\"width: 181px\">AYTO FARAJ\u00c1N<\/td>\n<td style=\"width: 160px\">INAUGURACI\u00d3N FERIA<\/td>\n<\/tr>\n<tr>\n<td style=\"width: 89px\">09\/08\/2019<\/td>\n<td style=\"width: 195px\">PLAZA ANDALUC\u00cdA, SAN JOS\u00c9 DEL VALLE<\/td>\n<td style=\"width: 181px\">DIPUTACI\u00d3N C\u00c1DIZ<\/td>\n<td style=\"width: 160px\">CIRCUITO DIPUTACI\u00d3N &#8220;PLANEA&#8221;.<\/td>\n<\/tr>\n<tr>\n<td style=\"width: 89px\">17\/08\/2019<\/td>\n<td style=\"width: 195px\">LA BARCA LA FLORIDA-JEREZ<\/td>\n<td style=\"width: 181px\">DIPUTACI\u00d3N C\u00c1DIZ<\/td>\n<td style=\"width: 160px\">CIRCUITO DIPUTACI\u00d3N &#8220;PLANEA&#8221;.<\/td>\n<\/tr>\n<tr>\n<td style=\"width: 89px\">18\/08\/2019<\/td>\n<td style=\"width: 195px\">TORRE ALH\u00c1QUIME<\/td>\n<td style=\"width: 181px\">DIPUTACI\u00d3N C\u00c1DIZ<\/td>\n<td style=\"width: 160px\">CIRCUITO DIPUTACI\u00d3N &#8220;PLANEA&#8221;.<\/td>\n<\/tr>\n<tr>\n<td style=\"width: 89px\">24\/08\/2019<\/td>\n<td style=\"width: 195px\">CASTELLAR DE LA FRONTERA NOCHE DE VELAS CASTILLO<\/td>\n<td style=\"width: 181px\">DIPUTACI\u00d3N C\u00c1DIZ<\/td>\n<td style=\"width: 160px\">CIRCUITO DIPUTACI\u00d3N &#8220;PLANEA&#8221;.<\/td>\n<\/tr>\n<tr>\n<td style=\"width: 89px\">06\/09\/2019<\/td>\n<td style=\"width: 195px\">AUDITORIO LUNA MORA, GUARO<\/td>\n<td style=\"width: 181px\">AYTO. GUARO<\/td>\n<td style=\"width: 160px\">FESTIVAL LUNA MORA<\/td>\n<\/tr>\n<tr>\n<td style=\"width: 89px\">23\/11\/2019<\/td>\n<td style=\"width: 195px\">ANTALYA, TURQU\u00cdA<\/td>\n<td style=\"width: 181px\">INTERNATIONAL ANTALYA PIANO FESTIVAL<\/td>\n<td style=\"width: 160px\">XX INTERNATIONAL ANTALYA PIANO FESTIVAL<\/td>\n<\/tr>\n<tr>\n<td style=\"width: 89px\">28\/12\/2019<\/td>\n<td style=\"width: 195px\">AUDITORIO HOSPITAL SANTIAGO, \u00daBEDA<\/td>\n<td style=\"width: 181px\">AYTO. \u00daBEDA<\/td>\n<td style=\"width: 160px\">PROGRAMACI\u00d3N CONCIERTO NAVIDAD<\/td>\n<\/tr>\n<tr>\n<td style=\"width: 89px\">29\/12\/2019<\/td>\n<td style=\"width: 195px\">TEATRO MUNICIPAL, J\u00d3DAR<\/td>\n<td style=\"width: 181px\">AYTO. J\u00d3DAR<\/td>\n<td style=\"width: 160px\">PROGRAMACI\u00d3N CONCIERTO NAVIDAD<\/td>\n<\/tr>\n<\/tbody>\n<\/table>\n<p>[\/et_pb_tab][et_pb_tab title=&#8221;2018&#8243; _builder_version=&#8221;4.16&#8243; global_colors_info=&#8221;{}&#8221;]<\/p>\n<table width=\"653\">\n<tbody>\n<tr>\n<td width=\"94\">28\/02\/2018<\/td>\n<td width=\"207\">HOTEL MONTERA, LOS BARRIOS<\/td>\n<td width=\"188\">AYTO LOS BARRIOS<\/td>\n<td width=\"164\">D\u00cdA DE ANDALUC\u00cdA<\/td>\n<\/tr>\n<tr>\n<td>13\/04\/2018<\/td>\n<td width=\"207\">TEATRO AUDITORIO &#8220;BUERO VALLEJO&#8221;<\/td>\n<td width=\"188\">FUNDACI\u00d3N SIGLO FUTURO<\/td>\n<td width=\"164\">XXVI CUMBRE FLAMENCA<\/td>\n<\/tr>\n<tr>\n<td>29\/04\/2018<\/td>\n<td width=\"207\">AV. LA CONSTITUCI\u00d3N<\/td>\n<td width=\"188\">AYTO ALGODONALES<\/td>\n<td width=\"164\">RECREACI\u00d3N HIST\u00d3RICA<\/td>\n<\/tr>\n<tr>\n<td>18\/05\/2018<\/td>\n<td width=\"207\">PLAZA MAYOR, EL EJIDO<\/td>\n<td width=\"188\">AYTO EL EJIDO<\/td>\n<td width=\"164\">INAUGURACI\u00d3N FESTIVAL DEL TEATRO<\/td>\n<\/tr>\n<tr>\n<td width=\"94\">28\/05\/2018<\/td>\n<td width=\"207\">CASETA MUNICIPAL, SAN JOS\u00c9 DEL VALLE<\/td>\n<td width=\"188\">AYTO SAN JOS\u00c9 DEL VALLE<\/td>\n<td width=\"164\">CLAUSURA FERIA<\/td>\n<\/tr>\n<tr>\n<td>01\/06\/2018<\/td>\n<td width=\"207\">PLAZA MAYOR, EL EJIDO<\/td>\n<td width=\"188\">AYTO EL EJIDO<\/td>\n<td width=\"164\">NOCHE BLANCA<\/td>\n<\/tr>\n<tr>\n<td>08\/06\/2018<\/td>\n<td width=\"207\">AUDITORIO &#8220;EL PORT\u00d3N&#8221;, ALHAUR\u00cdN DE LA TORRE<\/td>\n<td width=\"188\">AYTO ALHAUR\u00cdN DE LA TORRE<\/td>\n<td width=\"164\">CORONACI\u00d3N MR Y MS ALHAUR\u00cdN DE LA TORRE<\/td>\n<\/tr>\n<tr>\n<td>23\/06\/2018<\/td>\n<td width=\"207\">CALLE NUEVA, GRAZALEMA<\/td>\n<td width=\"188\">AYTO GRAZALEMA<\/td>\n<td width=\"164\">NOCHE ROM\u00c1NTICA<\/td>\n<\/tr>\n<tr>\n<td>30\/06\/2018<\/td>\n<td width=\"207\">PLAZA CONSULTORIO, ZAHARA DE LA SIERRA<\/td>\n<td width=\"188\">AYTO ZAHARA DE LA SIERRA<\/td>\n<td width=\"164\">PROCLAMACI\u00d3N PUEBLOS M\u00c1S BONITOS DE ESPA\u00d1A<\/td>\n<\/tr>\n<tr>\n<td>03\/07\/2018<\/td>\n<td width=\"207\">BODEGAS OSBORNE PUERTO SANTA MAR\u00cdA<\/td>\n<td width=\"188\">COLEGIO DE INGENIEROS DE CAMINOS<\/td>\n<td width=\"164\">PRESENTACI\u00d3N DE GALA DEL NUEVO DELEGADO DE C\u00c1DIZ<\/td>\n<\/tr>\n<tr>\n<td>06\/07\/2018<\/td>\n<td width=\"207\">CALLE CRUZ VERDE, PUERTO REAL<\/td>\n<td width=\"188\">AYTO PUERTO REAL (ORGANIZADOR)-LIDL SUPERMERCADOS\u00a0 (PAGADOR)<\/td>\n<td width=\"164\">II NOCHE BLANCA<\/td>\n<\/tr>\n<tr>\n<td>20\/07\/2018<\/td>\n<td width=\"207\">HUERTA SAN JOS\u00c9, GRAZALEMA<\/td>\n<td width=\"188\">AYTO GRAZALEMA Y DIPUTACI\u00d3N DE C\u00c1DIZ (PROGRAMA 1.1.7 EVENTOS ESTACIONALES)<\/td>\n<td width=\"164\">NOCHE FLAMENCA<\/td>\n<\/tr>\n<tr>\n<td>21\/07\/2018<\/td>\n<td width=\"207\">PLAZA BERM\u00daDEZ DE LA RUBIA, CO\u00cdN<\/td>\n<td width=\"188\">AYTO CO\u00cdN<\/td>\n<td width=\"164\">NOCHE AL RASO<\/td>\n<\/tr>\n<tr>\n<td>28\/07\/2018<\/td>\n<td width=\"207\">BARRIO NAZAR\u00cd, BENAOCAZ<\/td>\n<td width=\"188\">DIPUTACI\u00d3N C\u00c1DIZ<\/td>\n<td width=\"164\">CIRCUITO DIPUTACI\u00d3N &#8220;PLANEA&#8221;.<\/td>\n<\/tr>\n<tr>\n<td>03\/08\/2018<\/td>\n<td width=\"207\">PLAZA DEL MAR, PALMONES (LOS BARRIOS)<\/td>\n<td width=\"188\">AYTO LOS BARRIOS<\/td>\n<td width=\"164\">NOCHES DE VERANO<\/td>\n<\/tr>\n<tr>\n<td>04\/08\/2018<\/td>\n<td width=\"207\">PLAZA DE SAN JUAN, BARBATE<\/td>\n<td width=\"188\">AYTO BARBATE<\/td>\n<td width=\"164\">IV EDICI\u00d3N VELADA FLAMENCA<\/td>\n<\/tr>\n<tr>\n<td>10\/08\/2018<\/td>\n<td width=\"207\">PLAZA DEL REY, ZAHARA DE LA SIERRA<\/td>\n<td width=\"188\">AYTO ZAHARA DE LA SIERRA Y DIPUTACI\u00d3N DE C\u00c1DIZ<\/td>\n<td width=\"164\">NOCHE BLANCA<\/td>\n<\/tr>\n<tr>\n<td>11\/08\/2018<\/td>\n<td width=\"207\">PALACIO DE CONGRESOS, CHIPIONA<\/td>\n<td width=\"188\">ASOCIACI\u00d3N ALZHEIMER<\/td>\n<td width=\"164\">PROGRAMACI\u00d3N CONCIERTO<\/td>\n<\/tr>\n<tr>\n<td>12\/08\/2018<\/td>\n<td width=\"207\">PLAZA DEL LAVADERO, ATAJATE<\/td>\n<td width=\"188\">AYTO ATAJATE<\/td>\n<td width=\"164\">SEMANA CULTURAL<\/td>\n<\/tr>\n<tr>\n<td>17\/08\/2018<\/td>\n<td width=\"207\">CASTILLO GUARDIAS VIEJAS, EL EJIDO<\/td>\n<td width=\"188\">AYTO EL EJIDO Y JUNTA DE ANDALUC\u00cdA (ENR\u00c9DATE)<\/td>\n<td width=\"164\">ENR\u00c9DATE<\/td>\n<\/tr>\n<tr>\n<td>18\/08\/2018<\/td>\n<td width=\"207\">CASTILLO SAN ROMUALDO, SAN FERNANDO<\/td>\n<td width=\"188\">AYTO SAN FERNANDO<\/td>\n<td width=\"164\">NOCHES DEL CASTILLO<\/td>\n<\/tr>\n<tr>\n<td>24\/08\/2018<\/td>\n<td width=\"207\">RECINTO FERIAL, SAN ISIDRO DE GUADALETE<\/td>\n<td width=\"188\">DIPUTACI\u00d3N C\u00c1DIZ<\/td>\n<td width=\"164\">CIRCUITO DIPUTACI\u00d3N &#8220;PLANEA&#8221;.<\/td>\n<\/tr>\n<tr>\n<td>25\/08\/2018<\/td>\n<td width=\"207\">PLAZA DE LA CONSTITUCI\u00d3N, EL BOSQUE<\/td>\n<td width=\"188\">DIPUTACI\u00d3N C\u00c1DIZ<\/td>\n<td width=\"164\">CIRCUITO DIPUTACI\u00d3N &#8220;PLANEA&#8221;.<\/td>\n<\/tr>\n<tr>\n<td>31\/08\/2018<\/td>\n<td width=\"207\">COLEGIO &#8220;PABLO PICASSO&#8221; MANILVA<\/td>\n<td width=\"188\">PE\u00d1A FLAMENCA Y AYTO MANILVA<\/td>\n<td width=\"164\">APERTURA XXXIX FESTIVAL FLAMENCO MANILVA<\/td>\n<\/tr>\n<tr>\n<td>01\/09\/2018<\/td>\n<td width=\"207\">CALLE SANCHO IV EL BRAVO, TARIFA<\/td>\n<td width=\"188\">AYTO TARIFA<\/td>\n<td width=\"164\">CORONACI\u00d3N REINA Y PREG\u00d3N FERIA<\/td>\n<\/tr>\n<tr>\n<td>14\/09\/2018<\/td>\n<td width=\"207\">CALLE PEDRO SANZ, PUERTO SERRANO<\/td>\n<td width=\"188\">DIPUTACI\u00d3N C\u00c1DIZ<\/td>\n<td width=\"164\">CIRCUITO DIPUTACI\u00d3N &#8220;PLANEA&#8221;.<\/td>\n<\/tr>\n<tr>\n<td>22\/09\/2018<\/td>\n<td width=\"207\">CONVENTO &#8220;CA\u00d1OS SANTOS&#8221;, ALCAL\u00c1 DEL VALLE<\/td>\n<td width=\"188\">DIPUTACI\u00d3N C\u00c1DIZ<\/td>\n<td width=\"164\">CIRCUITO DIPUTACI\u00d3N &#8220;PLANEA&#8221;.<\/td>\n<\/tr>\n<tr>\n<td>28\/09\/2018<\/td>\n<td width=\"207\">PLAZA NUEVA, LUCENA<\/td>\n<td width=\"188\">AYTO LUCENA Y JUNTA DE ANDALUC\u00cdA (ENR\u00c9DATE)<\/td>\n<td width=\"164\">ENR\u00c9DATE<\/td>\n<\/tr>\n<tr>\n<td>29\/09\/2018<\/td>\n<td width=\"207\">PLAZA DE LA CONSTITUCI\u00d3N, PATERNA DE RIVERA<\/td>\n<td width=\"188\">DIPUTACI\u00d3N C\u00c1DIZ<\/td>\n<td width=\"164\">CIRCUITO DIPUTACI\u00d3N &#8220;PLANEA&#8221;.<\/td>\n<\/tr>\n<tr>\n<td>12\/10\/2018<\/td>\n<td width=\"207\">ARRIATE, M\u00c1LAGA<\/td>\n<td width=\"188\">AYTO ARRIATE<\/td>\n<td width=\"164\">FIESTAS DEL AIRE<\/td>\n<\/tr>\n<tr>\n<td>13\/10\/2018<\/td>\n<td width=\"207\">SETENIL DE LAS BODEGAS, C\u00c1DIZ<\/td>\n<td width=\"188\">DIPUTACI\u00d3N C\u00c1DIZ<\/td>\n<td width=\"164\">NOCHES DE MOROS Y CRISTIANOS<\/td>\n<\/tr>\n<tr>\n<td>15\/11\/2018<\/td>\n<td width=\"207\">CASA CULTURA TEATRO DE CONIL DE LA FRONTERA, C\u00c1DIZ<\/td>\n<td width=\"188\">AYTO CONIL Y JUNTA DE ANDALUC\u00cdA (ENR\u00c9DATE)<\/td>\n<td width=\"164\">ENR\u00c9DATE<\/td>\n<\/tr>\n<tr>\n<td>30\/11\/2018<\/td>\n<td width=\"207\">LA L\u00cdNEA DE LA CONCEPCI\u00d3N<\/td>\n<td width=\"188\">AYTO LA L\u00cdNEA<\/td>\n<td width=\"164\">INICIO NAVIDAD<\/td>\n<\/tr>\n<tr>\n<td>06\/12\/2018<\/td>\n<td width=\"207\">MEDINA SIDONIA, C\u00c1DIZ<\/td>\n<td width=\"188\">AYTO MEDINA<\/td>\n<td width=\"164\">JORNADAS PUERTAS ABIERTAS<\/td>\n<\/tr>\n<\/tbody>\n<\/table>\n<p>[\/et_pb_tab][et_pb_tab title=&#8221;2017&#8243; _builder_version=&#8221;4.16&#8243; global_colors_info=&#8221;{}&#8221;]<\/p>\n<table width=\"653\">\n<tbody>\n<tr>\n<td width=\"94\">26\/01\/2017<\/td>\n<td width=\"207\">HOTEL ALFONSO XIII, SEVILLA<\/td>\n<td width=\"188\">WE LOVE FLAMENCO<\/td>\n<td width=\"164\">DESFILE WE LOVE FLAMENCO<\/td>\n<\/tr>\n<tr>\n<td>28\/02\/2017<\/td>\n<td width=\"207\">HOTEL MONTERA, LOS BARRIOS<\/td>\n<td width=\"188\">AYTO LOS BARRIOS<\/td>\n<td width=\"164\">D\u00cdA DE ANDALUC\u00cdA<\/td>\n<\/tr>\n<tr>\n<td>01\/04\/2017<\/td>\n<td width=\"207\">SALA MOMART THEATRE, C\u00c1DIZ<\/td>\n<td width=\"188\">MOMART THEATRE<\/td>\n<td width=\"164\">PROGRAMACI\u00d3N CONCIERTO<\/td>\n<\/tr>\n<tr>\n<td>19\/05\/2017<\/td>\n<td width=\"207\">TEATRO FLORIDA, ALGECIRAS<\/td>\n<td width=\"188\">AYTO. ALGECIRAS<\/td>\n<td width=\"164\">PROGRAMACI\u00d3N CONCIERTO<\/td>\n<\/tr>\n<tr>\n<td>28\/05\/2017<\/td>\n<td width=\"207\">SAN JOS\u00c9 DEL VALLE<\/td>\n<td width=\"188\">AYTO. SAN JOS\u00c9 DEL VALLE<\/td>\n<td width=\"164\">CLAUSURA FERIA<\/td>\n<\/tr>\n<tr>\n<td width=\"94\">03\/06\/2017<\/td>\n<td width=\"207\">PLAZA DE ESPA\u00d1A, VEJER<\/td>\n<td width=\"188\">DIPUTACI\u00d3N C\u00c1DIZ<\/td>\n<td width=\"164\">CIRCUITO DIPUTACI\u00d3N &#8220;PLANEA&#8221;. NOCHE DE VELAS VEJER<\/td>\n<\/tr>\n<tr>\n<td width=\"94\">04\/06\/2017<\/td>\n<td width=\"207\">CONVENTO, BORNOS<\/td>\n<td width=\"188\">DIPUTACI\u00d3N C\u00c1DIZ<\/td>\n<td width=\"164\">CIRCUITO DIPUTACI\u00d3N &#8220;PLANEA&#8221;. SEMANA CULTURAL<\/td>\n<\/tr>\n<tr>\n<td width=\"94\">11\/06\/2017<\/td>\n<td width=\"207\">TEATRO FLORIDA, ALGECIRAS<\/td>\n<td width=\"188\">AYTO ALGECIRAS<\/td>\n<td width=\"164\">SEMANA DE MEDIOAMBIENTE<\/td>\n<\/tr>\n<tr>\n<td width=\"94\">22\/07\/2017<\/td>\n<td width=\"207\">PE\u00d1A FLAMENCA MANILVA<\/td>\n<td width=\"188\">PE\u00d1A FLAMENCA MANILVA<\/td>\n<td width=\"164\">Cena Flamenca de Gala de Santa Ana<\/td>\n<\/tr>\n<tr>\n<td width=\"94\">09\/08\/2017<\/td>\n<td width=\"207\">PLAZA ALTA, ALCAL\u00c1 DE LOS GAZULES<\/td>\n<td width=\"188\">AYTO ALCAL\u00c1 DE LOS GAZULES<\/td>\n<td width=\"164\">&#8220;FESTIVAL AL-KALAT&#8221;<\/td>\n<\/tr>\n<tr>\n<td>18\/08\/2017<\/td>\n<td width=\"207\">PLAZA DE LA CARIDAD, ARCOS DE LA FRONTERA<\/td>\n<td width=\"188\">DIPUTACI\u00d3N C\u00c1DIZ<\/td>\n<td width=\"164\">CIRCUITO DIPUTACI\u00d3N &#8220;PLANEA&#8221;.<\/td>\n<\/tr>\n<tr>\n<td>19\/08\/2017<\/td>\n<td width=\"207\">ANUNCIADO EN PATIO DE LA CASA DE LA CULTURA. REALMENTE SE HIZO EN EL PASEO PASEO DE LA CONSTITUCI\u00d3N JUNTO AL TEMPLETE, LOS BARRIOS<\/td>\n<td width=\"188\">DIPUTACI\u00d3N C\u00c1DIZ<\/td>\n<td width=\"164\">CIRCUITO DIPUTACI\u00d3N &#8220;PLANEA&#8221;.<\/td>\n<\/tr>\n<tr>\n<td>25\/08\/2017<\/td>\n<td width=\"207\">PLAZA DE ANDALUC\u00cdA, CHIPIONA<\/td>\n<td width=\"188\">DIPUTACI\u00d3N C\u00c1DIZ<\/td>\n<td width=\"164\">CIRCUITO DIPUTACI\u00d3N &#8220;PLANEA&#8221;. CLAUSURA SEMANA CULTURAL &#8220;ROC\u00cdO JURADO&#8221;<\/td>\n<\/tr>\n<tr>\n<td>22\/09\/2017<\/td>\n<td width=\"207\">RUINAS MERIN\u00cdES, ALGECIRAS<\/td>\n<td width=\"188\">AYTO ALGECIRAS<\/td>\n<td width=\"164\">FIESTAS &#8220;ENTREMARES&#8221;<\/td>\n<\/tr>\n<tr>\n<td>14\/10\/2017<\/td>\n<td width=\"207\">RECINTO FERIAL TARIFA<\/td>\n<td width=\"188\">AYTO TARIFA<\/td>\n<td width=\"164\">FERIA CABALLO<\/td>\n<\/tr>\n<tr>\n<td>17\/11\/2017<\/td>\n<td width=\"207\">TEATRO MUNICIPAL &#8220;MANUEL FRAILE&#8221;, VILLAMART\u00cdN<\/td>\n<td width=\"188\">DIPUTACI\u00d3N C\u00c1DIZ<\/td>\n<td width=\"164\">CIRCUITO DIPUTACI\u00d3N &#8220;PLANEA&#8221;.<\/td>\n<\/tr>\n<tr>\n<td>25\/11\/2017<\/td>\n<td width=\"207\">HOTEL MONTERA, LOS BARRIOS<\/td>\n<td width=\"188\">AYTO LOS BARRIOS<\/td>\n<td width=\"164\">SEMANA DE LA MUJER<\/td>\n<\/tr>\n<\/tbody>\n<\/table>\n<p>[\/et_pb_tab][et_pb_tab title=&#8221;2016&#8243; _builder_version=&#8221;4.16&#8243; global_colors_info=&#8221;{}&#8221;]<\/p>\n<table width=\"653\">\n<tbody>\n<tr>\n<td width=\"94\">12\/06\/2016<\/td>\n<td width=\"207\">SALESIANOS, ALGECIRAS<\/td>\n<td width=\"188\">SALESIANOS ALGECIRAS<\/td>\n<td width=\"164\">\u00a0<\/td>\n<\/tr>\n<tr>\n<td width=\"94\">17\/06\/2016<\/td>\n<td width=\"207\">PARQUE MARIA CRISTINA, ALGECIRAS<\/td>\n<td width=\"188\">AYTO ALGECIRAS<\/td>\n<td width=\"164\">PREG\u00d3N FERIA<\/td>\n<\/tr>\n<tr>\n<td width=\"94\">26\/08\/2016<\/td>\n<td width=\"207\">PLAZA DE LA IGLESIA, SAN ROQUE<\/td>\n<td width=\"188\">AYTO SAN ROQUE<\/td>\n<td width=\"164\">NOCHE BLANCA<\/td>\n<\/tr>\n<tr>\n<td width=\"94\">03\/09\/2016<\/td>\n<td width=\"207\">PLAZA ALAMEDA, TARIFA<\/td>\n<td width=\"188\">AYTO TARIFA<\/td>\n<td width=\"164\">PREG\u00d3N FERIA<\/td>\n<\/tr>\n<tr>\n<td width=\"94\">19\/11\/2016<\/td>\n<td width=\"207\">TEATRO ALAMEDA, TARIFA<\/td>\n<td width=\"188\">DIPUTACI\u00d3N C\u00c1DIZ<\/td>\n<td width=\"164\">CIRCUITO DIPUTACI\u00d3N &#8220;PLANEA&#8221;<\/td>\n<\/tr>\n<\/tbody>\n<\/table>\n<p>[\/et_pb_tab][et_pb_tab title=&#8221;Mapa&#8221; _builder_version=&#8221;4.16&#8243; global_colors_info=&#8221;{}&#8221;][\/et_pb_tab][\/et_pb_tabs][\/et_pb_column][\/et_pb_row][\/et_pb_section][et_pb_section fb_built=&#8221;1&#8243; admin_label=&#8221;Footer&#8221; _builder_version=&#8221;4.16&#8243; use_background_color_gradient=&#8221;on&#8221; background_color_gradient_direction=&#8221;90deg&#8221; background_color_gradient_stops=&#8221;#eaeaea 40%|rgba(255,255,255,0) 100%&#8221; background_color_gradient_overlays_image=&#8221;on&#8221; background_color_gradient_start=&#8221;#eaeaea&#8221; background_color_gradient_start_position=&#8221;40%&#8221; background_color_gradient_end=&#8221;rgba(255,255,255,0)&#8221; background_image=&#8221;https:\/\/diegovaldivia.es\/wp-content\/uploads\/2020\/02\/bgFooter.jpg&#8221; background_position=&#8221;center_left&#8221; width=&#8221;100%&#8221; max_width=&#8221;100%&#8221; max_width_tablet=&#8221;&#8221; max_width_phone=&#8221;&#8221; max_width_last_edited=&#8221;on|desktop&#8221; custom_padding=&#8221;0px||0px||true|false&#8221; locked=&#8221;off&#8221; global_colors_info=&#8221;{}&#8221;][et_pb_row use_custom_gutter=&#8221;on&#8221; make_equal=&#8221;on&#8221; custom_padding_last_edited=&#8221;on|phone&#8221; _builder_version=&#8221;4.16&#8243; background_image=&#8221;https:\/\/diegovaldivia.es\/wp-content\/uploads\/2020\/02\/calligraphy_68.png&#8221; background_position=&#8221;bottom_center&#8221; width=&#8221;100%&#8221; max_width=&#8221;100%&#8221; min_height=&#8221;27px&#8221; custom_margin=&#8221;||60px&#8221; custom_padding=&#8221;0px||11vw||false|&#8221; custom_padding_tablet=&#8221;&#8221; custom_padding_phone=&#8221;&#8221; global_colors_info=&#8221;{}&#8221;][et_pb_column type=&#8221;4_4&#8243; _builder_version=&#8221;4.16&#8243; custom_padding=&#8221;|||&#8221; global_colors_info=&#8221;{}&#8221; custom_padding__hover=&#8221;|||&#8221;][\/et_pb_column][\/et_pb_row][et_pb_row _builder_version=&#8221;4.16&#8243; background_size=&#8221;initial&#8221; background_position=&#8221;top_right&#8221; custom_margin=&#8221;||60px&#8221; custom_padding=&#8221;|40px||40px||&#8221; border_width_all=&#8221;1px&#8221; border_color_all=&#8221;rgba(0,0,0,0.12)&#8221; locked=&#8221;off&#8221; global_colors_info=&#8221;{}&#8221;][et_pb_column type=&#8221;4_4&#8243; _builder_version=&#8221;4.16&#8243; custom_padding=&#8221;|||&#8221; global_colors_info=&#8221;{}&#8221; custom_padding__hover=&#8221;|||&#8221;][et_pb_text _builder_version=&#8221;4.16&#8243; header_font=&#8221;||||||||&#8221; header_2_font=&#8221;Muli|800||on|||||&#8221; header_2_font_size=&#8221;12px&#8221; header_2_letter_spacing=&#8221;0.7em&#8221; transform_scale_tablet=&#8221;&#8221; transform_scale_phone=&#8221;&#8221; transform_scale_last_edited=&#8221;on|tablet&#8221; transform_translate=&#8221;-100px|100px&#8221; transform_translate_tablet=&#8221;0px|0px&#8221; transform_translate_phone=&#8221;&#8221; transform_translate_last_edited=&#8221;on|tablet&#8221; transform_translate_linked=&#8221;off&#8221; transform_rotate=&#8221;0deg|0deg|270deg&#8221; transform_rotate_tablet=&#8221;0deg|0deg|0deg&#8221; transform_rotate_phone=&#8221;&#8221; transform_rotate_last_edited=&#8221;on|desktop&#8221; transform_skew_tablet=&#8221;&#8221; transform_skew_phone=&#8221;&#8221; transform_skew_last_edited=&#8221;on|desktop&#8221; transform_origin=&#8221;0%|50%&#8221; transform_origin_tablet=&#8221;&#8221; transform_origin_phone=&#8221;&#8221; transform_origin_last_edited=&#8221;on|desktop&#8221; transform_styles_last_edited=&#8221;on|tablet&#8221; max_width=&#8221;280px&#8221; custom_margin=&#8221;||-60px&#8221; custom_margin_tablet=&#8221;||20px&#8221; custom_margin_phone=&#8221;&#8221; custom_margin_last_edited=&#8221;on|tablet&#8221; transform_styles_tablet=&#8221;&#8221; transform_styles_phone=&#8221;&#8221; locked=&#8221;off&#8221; global_colors_info=&#8221;{}&#8221;]<\/p>\n<h2>DIEGO VALDIVIA<\/h2>\n<p>[\/et_pb_text][et_pb_text _builder_version=&#8221;4.16&#8243; header_font=&#8221;||||||||&#8221; header_3_font=&#8221;Montserrat|600|||||||&#8221; header_3_font_size=&#8221;70px&#8221; header_3_line_height=&#8221;1.2em&#8221; use_background_color_gradient=&#8221;on&#8221; background_color_gradient_direction=&#8221;90deg&#8221; background_color_gradient_stops=&#8221;#eaeaea 20%|rgba(255,255,255,0) 50%&#8221; background_color_gradient_start=&#8221;#eaeaea&#8221; background_color_gradient_start_position=&#8221;20%&#8221; background_color_gradient_end=&#8221;rgba(255,255,255,0)&#8221; background_color_gradient_end_position=&#8221;50%&#8221; max_width=&#8221;700px&#8221; custom_margin=&#8221;||80px|-70px||&#8221; custom_margin_tablet=&#8221;0px||&#8221; custom_margin_phone=&#8221;|||-56px&#8221; custom_margin_last_edited=&#8221;on|phone&#8221; header_3_font_size_tablet=&#8221;50px&#8221; header_3_font_size_phone=&#8221;30px&#8221; header_3_font_size_last_edited=&#8221;on|phone&#8221; global_colors_info=&#8221;{}&#8221;]<\/p>\n<h3>The piano transcends and shares the soul<\/h3>\n<p>[\/et_pb_text][et_pb_button button_url=&#8221;@ET-DC@eyJkeW5hbWljIjp0cnVlLCJjb250ZW50IjoicG9zdF9saW5rX3VybF9wYWdlIiwic2V0dGluZ3MiOnsicG9zdF9pZCI6IjExNzAiLCJlbmFibGVfaHRtbCI6Im9mZiJ9fQ==@&#8221; button_text=&#8221;CONTACT&#8221; button_alignment=&#8221;right&#8221; _builder_version=&#8221;4.16&#8243; _dynamic_attributes=&#8221;button_url&#8221; custom_button=&#8221;on&#8221; button_text_size=&#8221;12px&#8221; button_text_color=&#8221;#ffffff&#8221; button_bg_color=&#8221;#000000&#8243; button_border_width=&#8221;0px&#8221; button_border_radius=&#8221;0px&#8221; button_letter_spacing=&#8221;4px&#8221; button_font=&#8221;Muli|600||on|||||&#8221; custom_margin=&#8221;||-60px|&#8221; custom_padding=&#8221;20px|30px|20px|30px|true|true&#8221; global_colors_info=&#8221;{}&#8221;][\/et_pb_button][\/et_pb_column][\/et_pb_row][et_pb_row custom_padding_last_edited=&#8221;off|tablet&#8221; _builder_version=&#8221;4.16&#8243; width=&#8221;100%&#8221; max_width=&#8221;100%&#8221; min_height=&#8221;27px&#8221; custom_padding=&#8221;||0px|||&#8221; locked=&#8221;off&#8221; global_colors_info=&#8221;{}&#8221;][et_pb_column type=&#8221;4_4&#8243; _builder_version=&#8221;4.16&#8243; custom_padding=&#8221;|||&#8221; global_colors_info=&#8221;{}&#8221; custom_padding__hover=&#8221;|||&#8221;][et_pb_image src=&#8221;https:\/\/diegovaldivia.es\/wp-content\/uploads\/2020\/02\/calligraphy_brushes_17.png&#8221; align_tablet=&#8221;center&#8221; align_phone=&#8221;&#8221; align_last_edited=&#8221;on|desktop&#8221; _builder_version=&#8221;4.16&#8243; global_colors_info=&#8221;{}&#8221;][\/et_pb_image][\/et_pb_column][\/et_pb_row][\/et_pb_section]<\/p>\n","protected":false},"excerpt":{"rendered":"<p>Agenda Upcoming EventsAGENDA2025Viernes 07\/02\/2025TorrelodonesViernes 14\/02\/2025AlmensillaJueves 27\/02\/2025AlmonteViernes 28\/02\/2025CorteganaS\u00e1bado 01\/03\/2025CantillanaJueves 01\/05\/2025ArcosJueves 22\/05\/2025AlboxS\u00e1bado 21\/06\/2025CazorlaDomingo 29\/06-S\u00e1bado 05\/07\/25SerbiaViernes 05\/09\/2025EsteponaViernes 07\/11\/2025Sanl\u00facar la MayorS\u00e1bado 15\/11\/2025Castilleja del CampoPERFORMANCES IN PREVIOUS YEARS 08\/02\/2019 TEATRO MONTEQUINTO-DOS HERMANAS, SEVILLA AYTO DOS HERMANAS PROGRAMACI\u00d3N TEATRO MONTEQUINTO 09\/02\/2019 JARDINES DE SAN SEBASTI\u00c1N EN ALGARROBO, M\u00c1LAGA AYTO ALGARROBO FIESTAS DEL PATR\u00d3N DE SAN SEBASTI\u00c1N 28\/02\/2019 PLAZA DE ANDALUC\u00cdA DE [&hellip;]<\/p>\n","protected":false},"author":2,"featured_media":0,"parent":0,"menu_order":0,"comment_status":"closed","ping_status":"closed","template":"","meta":{"_et_pb_use_builder":"on","_et_pb_old_content":"","_et_gb_content_width":"","footnotes":"","_joinchat":[]},"yoast_head":"<!-- This site is optimized with the Yoast SEO plugin v23.4 - https:\/\/yoast.com\/wordpress\/plugins\/seo\/ -->\n<title>Agenda - Diego Valdivia | Pianista y compositor andaluz<\/title>\n<meta name=\"robots\" content=\"index, follow, max-snippet:-1, max-image-preview:large, max-video-preview:-1\" \/>\n<link rel=\"canonical\" href=\"https:\/\/diegovaldivia.es\/en\/agenda\/\" \/>\n<meta property=\"og:locale\" content=\"en_US\" \/>\n<meta property=\"og:type\" content=\"article\" \/>\n<meta property=\"og:title\" content=\"Agenda - Diego Valdivia | Pianista y compositor andaluz\" \/>\n<meta property=\"og:description\" content=\"Agenda Upcoming EventsAGENDA2025Viernes 07\/02\/2025TorrelodonesViernes 14\/02\/2025AlmensillaJueves 27\/02\/2025AlmonteViernes 28\/02\/2025CorteganaS\u00e1bado 01\/03\/2025CantillanaJueves 01\/05\/2025ArcosJueves 22\/05\/2025AlboxS\u00e1bado 21\/06\/2025CazorlaDomingo 29\/06-S\u00e1bado 05\/07\/25SerbiaViernes 05\/09\/2025EsteponaViernes 07\/11\/2025Sanl\u00facar la MayorS\u00e1bado 15\/11\/2025Castilleja del CampoPERFORMANCES IN PREVIOUS YEARS 08\/02\/2019 TEATRO MONTEQUINTO-DOS HERMANAS, SEVILLA AYTO DOS HERMANAS PROGRAMACI\u00d3N TEATRO MONTEQUINTO 09\/02\/2019 JARDINES DE SAN SEBASTI\u00c1N EN ALGARROBO, M\u00c1LAGA AYTO ALGARROBO FIESTAS DEL PATR\u00d3N DE SAN SEBASTI\u00c1N 28\/02\/2019 PLAZA DE ANDALUC\u00cdA DE [&hellip;]\" \/>\n<meta property=\"og:url\" content=\"https:\/\/diegovaldivia.es\/en\/agenda\/\" \/>\n<meta property=\"og:site_name\" content=\"Diego Valdivia | Pianista y compositor andaluz\" \/>\n<meta property=\"article:publisher\" content=\"https:\/\/www.facebook.com\/diegovaldiviapiano\/\" \/>\n<meta property=\"article:modified_time\" content=\"2025-01-13T11:22:18+00:00\" \/>\n<meta name=\"twitter:card\" content=\"summary_large_image\" \/>\n<meta name=\"twitter:site\" content=\"@dvaldiviavalero\" \/>\n<meta name=\"twitter:label1\" content=\"Est. reading time\" \/>\n\t<meta name=\"twitter:data1\" content=\"33 minutes\" \/>\n<script type=\"application\/ld+json\" class=\"yoast-schema-graph\">{\"@context\":\"https:\/\/schema.org\",\"@graph\":[{\"@type\":\"WebPage\",\"@id\":\"https:\/\/diegovaldivia.es\/en\/agenda\/\",\"url\":\"https:\/\/diegovaldivia.es\/en\/agenda\/\",\"name\":\"Agenda - Diego Valdivia | Pianista y compositor andaluz\",\"isPartOf\":{\"@id\":\"https:\/\/diegovaldivia.es\/#website\"},\"datePublished\":\"2020-03-23T16:21:58+00:00\",\"dateModified\":\"2025-01-13T11:22:18+00:00\",\"breadcrumb\":{\"@id\":\"https:\/\/diegovaldivia.es\/en\/agenda\/#breadcrumb\"},\"inLanguage\":\"en-US\",\"potentialAction\":[{\"@type\":\"ReadAction\",\"target\":[\"https:\/\/diegovaldivia.es\/en\/agenda\/\"]}]},{\"@type\":\"BreadcrumbList\",\"@id\":\"https:\/\/diegovaldivia.es\/en\/agenda\/#breadcrumb\",\"itemListElement\":[{\"@type\":\"ListItem\",\"position\":1,\"name\":\"Portada\",\"item\":\"https:\/\/diegovaldivia.es\/en\/\"},{\"@type\":\"ListItem\",\"position\":2,\"name\":\"Agenda\"}]},{\"@type\":\"WebSite\",\"@id\":\"https:\/\/diegovaldivia.es\/#website\",\"url\":\"https:\/\/diegovaldivia.es\/\",\"name\":\"Diego Valdivia | Pianista compositor\",\"description\":\"El pianista compositor andaluz que triunfa por todo el mundo.\",\"publisher\":{\"@id\":\"https:\/\/diegovaldivia.es\/#organization\"},\"potentialAction\":[{\"@type\":\"SearchAction\",\"target\":{\"@type\":\"EntryPoint\",\"urlTemplate\":\"https:\/\/diegovaldivia.es\/?s={search_term_string}\"},\"query-input\":{\"@type\":\"PropertyValueSpecification\",\"valueRequired\":true,\"valueName\":\"search_term_string\"}}],\"inLanguage\":\"en-US\"},{\"@type\":\"Organization\",\"@id\":\"https:\/\/diegovaldivia.es\/#organization\",\"name\":\"Diego Valdivia | Pianista y compositor\",\"url\":\"https:\/\/diegovaldivia.es\/\",\"logo\":{\"@type\":\"ImageObject\",\"inLanguage\":\"en-US\",\"@id\":\"https:\/\/diegovaldivia.es\/#\/schema\/logo\/image\/\",\"url\":\"https:\/\/diegovaldivia.es\/wp-content\/uploads\/2020\/03\/logorb.png\",\"contentUrl\":\"https:\/\/diegovaldivia.es\/wp-content\/uploads\/2020\/03\/logorb.png\",\"width\":525,\"height\":525,\"caption\":\"Diego Valdivia | Pianista y compositor\"},\"image\":{\"@id\":\"https:\/\/diegovaldivia.es\/#\/schema\/logo\/image\/\"},\"sameAs\":[\"https:\/\/www.facebook.com\/diegovaldiviapiano\/\",\"https:\/\/x.com\/dvaldiviavalero\",\"https:\/\/www.instagram.com\/diegovaldiviapiano\/?hl=es\",\"https:\/\/www.youtube.com\/channel\/UCZvd2Qta747OqtNUmOajinw\"]}]}<\/script>\n<!-- \/ Yoast SEO plugin. -->","yoast_head_json":{"title":"Agenda - Diego Valdivia | Pianista y compositor andaluz","robots":{"index":"index","follow":"follow","max-snippet":"max-snippet:-1","max-image-preview":"max-image-preview:large","max-video-preview":"max-video-preview:-1"},"canonical":"https:\/\/diegovaldivia.es\/en\/agenda\/","og_locale":"en_US","og_type":"article","og_title":"Agenda - Diego Valdivia | Pianista y compositor andaluz","og_description":"Agenda Upcoming EventsAGENDA2025Viernes 07\/02\/2025TorrelodonesViernes 14\/02\/2025AlmensillaJueves 27\/02\/2025AlmonteViernes 28\/02\/2025CorteganaS\u00e1bado 01\/03\/2025CantillanaJueves 01\/05\/2025ArcosJueves 22\/05\/2025AlboxS\u00e1bado 21\/06\/2025CazorlaDomingo 29\/06-S\u00e1bado 05\/07\/25SerbiaViernes 05\/09\/2025EsteponaViernes 07\/11\/2025Sanl\u00facar la MayorS\u00e1bado 15\/11\/2025Castilleja del CampoPERFORMANCES IN PREVIOUS YEARS 08\/02\/2019 TEATRO MONTEQUINTO-DOS HERMANAS, SEVILLA AYTO DOS HERMANAS PROGRAMACI\u00d3N TEATRO MONTEQUINTO 09\/02\/2019 JARDINES DE SAN SEBASTI\u00c1N EN ALGARROBO, M\u00c1LAGA AYTO ALGARROBO FIESTAS DEL PATR\u00d3N DE SAN SEBASTI\u00c1N 28\/02\/2019 PLAZA DE ANDALUC\u00cdA DE [&hellip;]","og_url":"https:\/\/diegovaldivia.es\/en\/agenda\/","og_site_name":"Diego Valdivia | Pianista y compositor andaluz","article_publisher":"https:\/\/www.facebook.com\/diegovaldiviapiano\/","article_modified_time":"2025-01-13T11:22:18+00:00","twitter_card":"summary_large_image","twitter_site":"@dvaldiviavalero","twitter_misc":{"Est. reading time":"33 minutes"},"schema":{"@context":"https:\/\/schema.org","@graph":[{"@type":"WebPage","@id":"https:\/\/diegovaldivia.es\/en\/agenda\/","url":"https:\/\/diegovaldivia.es\/en\/agenda\/","name":"Agenda - Diego Valdivia | Pianista y compositor andaluz","isPartOf":{"@id":"https:\/\/diegovaldivia.es\/#website"},"datePublished":"2020-03-23T16:21:58+00:00","dateModified":"2025-01-13T11:22:18+00:00","breadcrumb":{"@id":"https:\/\/diegovaldivia.es\/en\/agenda\/#breadcrumb"},"inLanguage":"en-US","potentialAction":[{"@type":"ReadAction","target":["https:\/\/diegovaldivia.es\/en\/agenda\/"]}]},{"@type":"BreadcrumbList","@id":"https:\/\/diegovaldivia.es\/en\/agenda\/#breadcrumb","itemListElement":[{"@type":"ListItem","position":1,"name":"Portada","item":"https:\/\/diegovaldivia.es\/en\/"},{"@type":"ListItem","position":2,"name":"Agenda"}]},{"@type":"WebSite","@id":"https:\/\/diegovaldivia.es\/#website","url":"https:\/\/diegovaldivia.es\/","name":"Diego Valdivia | Pianista compositor","description":"El pianista compositor andaluz que triunfa por todo el mundo.","publisher":{"@id":"https:\/\/diegovaldivia.es\/#organization"},"potentialAction":[{"@type":"SearchAction","target":{"@type":"EntryPoint","urlTemplate":"https:\/\/diegovaldivia.es\/?s={search_term_string}"},"query-input":{"@type":"PropertyValueSpecification","valueRequired":true,"valueName":"search_term_string"}}],"inLanguage":"en-US"},{"@type":"Organization","@id":"https:\/\/diegovaldivia.es\/#organization","name":"Diego Valdivia | Pianista y compositor","url":"https:\/\/diegovaldivia.es\/","logo":{"@type":"ImageObject","inLanguage":"en-US","@id":"https:\/\/diegovaldivia.es\/#\/schema\/logo\/image\/","url":"https:\/\/diegovaldivia.es\/wp-content\/uploads\/2020\/03\/logorb.png","contentUrl":"https:\/\/diegovaldivia.es\/wp-content\/uploads\/2020\/03\/logorb.png","width":525,"height":525,"caption":"Diego Valdivia | Pianista y compositor"},"image":{"@id":"https:\/\/diegovaldivia.es\/#\/schema\/logo\/image\/"},"sameAs":["https:\/\/www.facebook.com\/diegovaldiviapiano\/","https:\/\/x.com\/dvaldiviavalero","https:\/\/www.instagram.com\/diegovaldiviapiano\/?hl=es","https:\/\/www.youtube.com\/channel\/UCZvd2Qta747OqtNUmOajinw"]}]}},"_links":{"self":[{"href":"https:\/\/diegovaldivia.es\/en\/wp-json\/wp\/v2\/pages\/1161"}],"collection":[{"href":"https:\/\/diegovaldivia.es\/en\/wp-json\/wp\/v2\/pages"}],"about":[{"href":"https:\/\/diegovaldivia.es\/en\/wp-json\/wp\/v2\/types\/page"}],"author":[{"embeddable":true,"href":"https:\/\/diegovaldivia.es\/en\/wp-json\/wp\/v2\/users\/2"}],"replies":[{"embeddable":true,"href":"https:\/\/diegovaldivia.es\/en\/wp-json\/wp\/v2\/comments?post=1161"}],"version-history":[{"count":5,"href":"https:\/\/diegovaldivia.es\/en\/wp-json\/wp\/v2\/pages\/1161\/revisions"}],"predecessor-version":[{"id":2682,"href":"https:\/\/diegovaldivia.es\/en\/wp-json\/wp\/v2\/pages\/1161\/revisions\/2682"}],"wp:attachment":[{"href":"https:\/\/diegovaldivia.es\/en\/wp-json\/wp\/v2\/media?parent=1161"}],"curies":[{"name":"wp","href":"https:\/\/api.w.org\/{rel}","templated":true}]}}